{"id":399,"date":"2021-08-23T10:46:54","date_gmt":"2021-08-23T10:46:54","guid":{"rendered":"https:\/\/modernshop.liquid-themes.com\/elementor\/?page_id=399"},"modified":"2025-06-28T12:38:39","modified_gmt":"2025-06-28T09:38:39","slug":"despre-gjf","status":"publish","type":"page","link":"https:\/\/garana-jazz.ro\/en\/despre-gjf\/","title":{"rendered":"About GJF"},"content":{"rendered":"<div data-elementor-type=\"wp-page\" data-elementor-id=\"399\" class=\"elementor elementor-399\" data-elementor-post-type=\"page\">\n\t\t\t\t\t\t<section class=\"elementor-section elementor-top-section elementor-element elementor-element-c49db7c elementor-section-height-min-height elementor-section-items-bottom elementor-section-boxed elementor-section-height-default\" data-id=\"c49db7c\" data-element_type=\"section\" data-settings=\"{&quot;background_background&quot;:&quot;slideshow&quot;,&quot;background_slideshow_gallery&quot;:[{&quot;id&quot;:5398,&quot;url&quot;:&quot;https:\\\/\\\/garana-jazz.ro\\\/wp-content\\\/uploads\\\/2024\\\/02\\\/26899_10150171662105164_7880246_n.jpg&quot;},{&quot;id&quot;:5397,&quot;url&quot;:&quot;https:\\\/\\\/garana-jazz.ro\\\/wp-content\\\/uploads\\\/2024\\\/02\\\/26899_10150171662090164_6125587_n.jpg&quot;},{&quot;id&quot;:5396,&quot;url&quot;:&quot;https:\\\/\\\/garana-jazz.ro\\\/wp-content\\\/uploads\\\/2024\\\/02\\\/26899_10150171662080164_2855547_n.jpg&quot;},{&quot;id&quot;:5395,&quot;url&quot;:&quot;https:\\\/\\\/garana-jazz.ro\\\/wp-content\\\/uploads\\\/2024\\\/02\\\/26899_10150171662075164_1581611_n.jpg&quot;},{&quot;id&quot;:5394,&quot;url&quot;:&quot;https:\\\/\\\/garana-jazz.ro\\\/wp-content\\\/uploads\\\/2024\\\/02\\\/26899_10150171662070164_5170010_n.jpg&quot;},{&quot;id&quot;:5393,&quot;url&quot;:&quot;https:\\\/\\\/garana-jazz.ro\\\/wp-content\\\/uploads\\\/2024\\\/02\\\/26899_10150171662060164_8266326_n.jpg&quot;},{&quot;id&quot;:5392,&quot;url&quot;:&quot;https:\\\/\\\/garana-jazz.ro\\\/wp-content\\\/uploads\\\/2024\\\/02\\\/Garana-Gigi-Taus.jpg&quot;},{&quot;id&quot;:5391,&quot;url&quot;:&quot;https:\\\/\\\/garana-jazz.ro\\\/wp-content\\\/uploads\\\/2024\\\/02\\\/Garana-1997-2-e1708417045966.jpg&quot;},{&quot;id&quot;:5390,&quot;url&quot;:&quot;https:\\\/\\\/garana-jazz.ro\\\/wp-content\\\/uploads\\\/2024\\\/02\\\/garana-1997.jpg&quot;},{&quot;id&quot;:5389,&quot;url&quot;:&quot;https:\\\/\\\/garana-jazz.ro\\\/wp-content\\\/uploads\\\/2024\\\/02\\\/26899_10150171662150164_3717585_n.jpg&quot;},{&quot;id&quot;:5388,&quot;url&quot;:&quot;https:\\\/\\\/garana-jazz.ro\\\/wp-content\\\/uploads\\\/2024\\\/02\\\/26899_10150171662145164_3114226_n.jpg&quot;},{&quot;id&quot;:5387,&quot;url&quot;:&quot;https:\\\/\\\/garana-jazz.ro\\\/wp-content\\\/uploads\\\/2024\\\/02\\\/26899_10150171662135164_6281564_n.jpg&quot;},{&quot;id&quot;:5386,&quot;url&quot;:&quot;https:\\\/\\\/garana-jazz.ro\\\/wp-content\\\/uploads\\\/2024\\\/02\\\/26899_10150171662130164_3958315_n.jpg&quot;},{&quot;id&quot;:5385,&quot;url&quot;:&quot;https:\\\/\\\/garana-jazz.ro\\\/wp-content\\\/uploads\\\/2024\\\/02\\\/26899_10150171662120164_29790_n.jpg&quot;},{&quot;id&quot;:5384,&quot;url&quot;:&quot;https:\\\/\\\/garana-jazz.ro\\\/wp-content\\\/uploads\\\/2024\\\/02\\\/26899_10150171662115164_537216_n.jpg&quot;}],&quot;background_slideshow_lazyload&quot;:&quot;yes&quot;,&quot;background_slideshow_ken_burns&quot;:&quot;yes&quot;,&quot;background_slideshow_loop&quot;:&quot;yes&quot;,&quot;background_slideshow_slide_duration&quot;:5000,&quot;background_slideshow_slide_transition&quot;:&quot;fade&quot;,&quot;background_slideshow_transition_duration&quot;:500,&quot;background_slideshow_ken_burns_zoom_direction&quot;:&quot;in&quot;}\">\n\t\t\t\t\t\t\t<div class=\"elementor-background-overlay\"><\/div>\n\t\t\t\t\t\t\t<div class=\"elementor-container elementor-column-gap-default\">\n\t\t\t\t\t<div class=\"elementor-column elementor-col-100 elementor-top-column elementor-element elementor-element-48231e5\" data-id=\"48231e5\" data-element_type=\"column\">\n\t\t\t<div class=\"elementor-widget-wrap elementor-element-populated\">\n\t\t\t\t\t\t<div class=\"elementor-element elementor-element-7408cd8 elementor-widget__width-inherit elementor-widget elementor-widget-hub_fancy_heading\" data-id=\"7408cd8\" data-element_type=\"widget\" data-widget_type=\"hub_fancy_heading.default\">\n\t\t\t\t<div class=\"elementor-widget-container\">\n\t\t\t\t\t\n\t\t<div id=\"ld-fancy-heading-69f3137c1eccb\" class=\"ld-fancy-heading pos-rel\">\n\t\t\t<h1 class=\"ld-fh-element d-inline-block pos-rel  elementor-heading-title lqd-highlight-classic lqd-highlight-grow-left h1\"  > G\u0102R\u00c2NA JAZZ FESTIVAL \u2013 A COLONY OF ARTISTS SINCE 1997<\/h1>\t\t<\/div>\n\n\t\t\t\t\t\t<\/div>\n\t\t\t\t<\/div>\n\t\t\t\t<div class=\"elementor-element elementor-element-ebeb5e4 elementor-widget elementor-widget-hub_fancy_heading\" data-id=\"ebeb5e4\" data-element_type=\"widget\" data-widget_type=\"hub_fancy_heading.default\">\n\t\t\t\t<div class=\"elementor-widget-container\">\n\t\t\t\t\t\n\t\t<div id=\"ld-fancy-heading-69f3137c1f10b\" class=\"ld-fancy-heading pos-rel\">\n\t\t\t<p class=\"ld-fh-element d-inline-block pos-rel  lqd-highlight-classic lqd-highlight-grow-left p\"  > It all started in 1997 within an improvised jazz session among close friends in a small Transylvanian village up in the Semenic Mountains. The initiative went on in the following year and in the following 27 years, emerging into what the critics now call one of the most prestigious open-air jazz festival in Eastern and Central Europe.<\/p>\t\t<\/div>\n\n\t\t\t\t\t\t<\/div>\n\t\t\t\t<\/div>\n\t\t\t\t\t<\/div>\n\t\t<\/div>\n\t\t\t\t\t<\/div>\n\t\t<\/section>\n\t\t\t\t<section class=\"elementor-section elementor-top-section elementor-element elementor-element-e4eeb9b elementor-section-content-bottom elementor-section-boxed elementor-section-height-default elementor-section-height-default\" data-id=\"e4eeb9b\" data-element_type=\"section\" data-settings=\"{&quot;background_background&quot;:&quot;classic&quot;}\">\n\t\t\t\t\t\t<div class=\"elementor-container elementor-column-gap-default\">\n\t\t\t\t\t<div class=\"elementor-column elementor-col-50 elementor-top-column elementor-element elementor-element-c9c012b\" data-id=\"c9c012b\" data-element_type=\"column\">\n\t\t\t<div class=\"elementor-widget-wrap elementor-element-populated\">\n\t\t\t\t\t\t<div class=\"elementor-element elementor-element-c5f483c elementor-widget elementor-widget-hub_fancy_heading\" data-id=\"c5f483c\" data-element_type=\"widget\" data-widget_type=\"hub_fancy_heading.default\">\n\t\t\t\t<div class=\"elementor-widget-container\">\n\t\t\t\t\t\n\t\t<div id=\"ld-fancy-heading-69f3137c1f3ae\" class=\"ld-fancy-heading pos-rel\">\n\t\t\t<h2 class=\"ld-fh-element d-inline-block pos-rel  elementor-heading-title lqd-highlight-classic lqd-highlight-grow-left h2\"  > HISTORY<\/h2>\t\t<\/div>\n\n\t\t\t\t\t\t<\/div>\n\t\t\t\t<\/div>\n\t\t\t\t\t<\/div>\n\t\t<\/div>\n\t\t\t\t<div class=\"elementor-column elementor-col-50 elementor-top-column elementor-element elementor-element-9cf139d\" data-id=\"9cf139d\" data-element_type=\"column\">\n\t\t\t<div class=\"elementor-widget-wrap elementor-element-populated\">\n\t\t\t\t\t\t<div class=\"elementor-element elementor-element-af93109 elementor-widget elementor-widget-hub_fancy_heading\" data-id=\"af93109\" data-element_type=\"widget\" data-widget_type=\"hub_fancy_heading.default\">\n\t\t\t\t<div class=\"elementor-widget-container\">\n\t\t\t\t\t\n\t\t<div id=\"ld-fancy-heading-69f3137c1f643\" class=\"ld-fancy-heading pos-rel\">\n\t\t\t<p class=\"ld-fh-element d-inline-block pos-rel  lqd-highlight-classic lqd-highlight-grow-left p\"  > In the summer of 1997, a few friends were planning a jazz jam session at the La R\u0103scruce Inn in the village of G\u0103r\u00e2na, in the province of Banat. As the cymbals, trumpets and saxophones seemed to flow well amidst nature and goulash pots in the Semenic mountains, the move became a festival and was repeated the following year, the year after and 27 years on. <\/p>\t\t<\/div>\n\n\t\t\t\t\t\t<\/div>\n\t\t\t\t<\/div>\n\t\t\t\t<div class=\"elementor-element elementor-element-a2eae31 elementor-widget elementor-widget-hub_fancy_heading\" data-id=\"a2eae31\" data-element_type=\"widget\" data-widget_type=\"hub_fancy_heading.default\">\n\t\t\t\t<div class=\"elementor-widget-container\">\n\t\t\t\t\t\n\t\t<div id=\"ld-fancy-heading-69f3137c1f8b6\" class=\"ld-fancy-heading pos-rel\">\n\t\t\t<p class=\"ld-fh-element d-inline-block pos-rel  lqd-highlight-classic lqd-highlight-grow-left p\"  > Among jazz lovers, both Romanian and foreign, G\u0103r\u00e2na became known as \"contemporary Woodstock\". It's a long, winding road to the village, and anyone who has ever set foot in G\u0103r\u00e2na knows that the weather is fickle. There have been years when tents have floated on the water and years when music has listened from under umbrellas.<\/p>\t\t<\/div>\n\n\t\t\t\t\t\t<\/div>\n\t\t\t\t<\/div>\n\t\t\t\t\t<\/div>\n\t\t<\/div>\n\t\t\t\t\t<\/div>\n\t\t<\/section>\n\t\t\t\t<section class=\"elementor-section elementor-top-section elementor-element elementor-element-00b6b60 elementor-section-content-bottom elementor-section-boxed elementor-section-height-default elementor-section-height-default\" data-id=\"00b6b60\" data-element_type=\"section\">\n\t\t\t\t\t\t<div class=\"elementor-container elementor-column-gap-default\">\n\t\t\t\t\t<div class=\"elementor-column elementor-col-33 elementor-top-column elementor-element elementor-element-ef7ae7a\" data-id=\"ef7ae7a\" data-element_type=\"column\">\n\t\t\t<div class=\"elementor-widget-wrap elementor-element-populated\">\n\t\t\t\t\t\t<div class=\"elementor-element elementor-element-721f15f elementor-widget elementor-widget-hub_fancy_heading\" data-id=\"721f15f\" data-element_type=\"widget\" data-widget_type=\"hub_fancy_heading.default\">\n\t\t\t\t<div class=\"elementor-widget-container\">\n\t\t\t\t\t\n\t\t<div id=\"ld-fancy-heading-69f3137c1fb2f\" class=\"ld-fancy-heading pos-rel\">\n\t\t\t<h2 class=\"ld-fh-element d-inline-block pos-rel  elementor-heading-title lqd-highlight-classic lqd-highlight-grow-left h2\"  > 1997-2003<\/h2>\t\t<\/div>\n\n\t\t\t\t\t\t<\/div>\n\t\t\t\t<\/div>\n\t\t\t\t<div class=\"elementor-element elementor-element-457d35b elementor-widget elementor-widget-hub_fancy_heading\" data-id=\"457d35b\" data-element_type=\"widget\" data-widget_type=\"hub_fancy_heading.default\">\n\t\t\t\t<div class=\"elementor-widget-container\">\n\t\t\t\t\t\n\t\t<div id=\"ld-fancy-heading-69f3137c1fdb2\" class=\"ld-fancy-heading pos-rel\">\n\t\t\t<p class=\"ld-fh-element d-inline-block pos-rel  lqd-highlight-classic lqd-highlight-grow-left p\"  > The festival was held in the courtyard of the La R\u0103scruce inn. In 2003 the first big artist took the stage - the German musician Eberhard Weber  - he introduced G\u0103r\u00e2na Jazz Festival to the international festival circuit.<\/p>\t\t<\/div>\n\n\t\t\t\t\t\t<\/div>\n\t\t\t\t<\/div>\n\t\t\t\t\t<\/div>\n\t\t<\/div>\n\t\t\t\t<div class=\"elementor-column elementor-col-33 elementor-top-column elementor-element elementor-element-799d24e\" data-id=\"799d24e\" data-element_type=\"column\">\n\t\t\t<div class=\"elementor-widget-wrap elementor-element-populated\">\n\t\t\t\t\t\t<div class=\"elementor-element elementor-element-2fc6668 elementor-widget elementor-widget-hub_fancy_heading\" data-id=\"2fc6668\" data-element_type=\"widget\" data-widget_type=\"hub_fancy_heading.default\">\n\t\t\t\t<div class=\"elementor-widget-container\">\n\t\t\t\t\t\n\t\t<div id=\"ld-fancy-heading-69f3137c2002e\" class=\"ld-fancy-heading pos-rel\">\n\t\t\t<h2 class=\"ld-fh-element d-inline-block pos-rel  elementor-heading-title lqd-highlight-classic lqd-highlight-grow-left h2\"  > 2004-2014<\/h2>\t\t<\/div>\n\n\t\t\t\t\t\t<\/div>\n\t\t\t\t<\/div>\n\t\t\t\t<div class=\"elementor-element elementor-element-ff89cd5 elementor-widget elementor-widget-hub_fancy_heading\" data-id=\"ff89cd5\" data-element_type=\"widget\" data-widget_type=\"hub_fancy_heading.default\">\n\t\t\t\t<div class=\"elementor-widget-container\">\n\t\t\t\t\t\n\t\t<div id=\"ld-fancy-heading-69f3137c2029c\" class=\"ld-fancy-heading pos-rel\">\n\t\t\t<p class=\"ld-fh-element d-inline-block pos-rel  lqd-highlight-classic lqd-highlight-grow-left p\"  > In 2004, the festival moved to Poiana Lupului, where it is still held today, and began to bring in artists from abroad in huge numbers. In 2007 we had 13 jazz bands, six of them international, from America, France, Russia, Poland: Eldad Tarmu Jazz Ensemble, Scott Henderson, Nguy\u00ean L\u00ea, Viktoria Tolstoy, Maciej Sika\u0142a Trio and Jan Garbarek Group.<\/p>\t\t<\/div>\n\n\t\t\t\t\t\t<\/div>\n\t\t\t\t<\/div>\n\t\t\t\t\t<\/div>\n\t\t<\/div>\n\t\t\t\t<div class=\"elementor-column elementor-col-33 elementor-top-column elementor-element elementor-element-1023adb\" data-id=\"1023adb\" data-element_type=\"column\">\n\t\t\t<div class=\"elementor-widget-wrap elementor-element-populated\">\n\t\t\t\t\t\t<div class=\"elementor-element elementor-element-a350610 elementor-widget elementor-widget-hub_fancy_heading\" data-id=\"a350610\" data-element_type=\"widget\" data-widget_type=\"hub_fancy_heading.default\">\n\t\t\t\t<div class=\"elementor-widget-container\">\n\t\t\t\t\t\n\t\t<div id=\"ld-fancy-heading-69f3137c2050a\" class=\"ld-fancy-heading pos-rel\">\n\t\t\t<h2 class=\"ld-fh-element d-inline-block pos-rel  elementor-heading-title lqd-highlight-classic lqd-highlight-grow-left h2\"  > 2015 \u2013 prezent<\/h2>\t\t<\/div>\n\n\t\t\t\t\t\t<\/div>\n\t\t\t\t<\/div>\n\t\t\t\t<div class=\"elementor-element elementor-element-e2c948a elementor-widget elementor-widget-hub_fancy_heading\" data-id=\"e2c948a\" data-element_type=\"widget\" data-widget_type=\"hub_fancy_heading.default\">\n\t\t\t\t<div class=\"elementor-widget-container\">\n\t\t\t\t\t\n\t\t<div id=\"ld-fancy-heading-69f3137c20772\" class=\"ld-fancy-heading pos-rel\">\n\t\t\t<p class=\"ld-fh-element d-inline-block pos-rel  lqd-highlight-classic lqd-highlight-grow-left p\"  > The festival has grown to include another stage (Catholic Church V\u0103liug), and in 2015 the stage in the courtyard of La R\u0103scruce Inn reappeared. It's a mix of American, Western, Eastern and Northern jazz. Now, the balance is tipping towards Nordic jazz, because in recent years we've realised that it's best suited to the surroundings of G\u0103r\u00e2na.<\/p>\t\t<\/div>\n\n\t\t\t\t\t\t<\/div>\n\t\t\t\t<\/div>\n\t\t\t\t\t<\/div>\n\t\t<\/div>\n\t\t\t\t\t<\/div>\n\t\t<\/section>\n\t\t\t\t<section class=\"elementor-section elementor-top-section elementor-element elementor-element-f1b3a86 elementor-section-content-bottom elementor-section-boxed elementor-section-height-default elementor-section-height-default\" data-id=\"f1b3a86\" data-element_type=\"section\" data-settings=\"{&quot;background_background&quot;:&quot;classic&quot;}\">\n\t\t\t\t\t\t<div class=\"elementor-container elementor-column-gap-default\">\n\t\t\t\t\t<div class=\"elementor-column elementor-col-100 elementor-top-column elementor-element elementor-element-2adce1f\" data-id=\"2adce1f\" data-element_type=\"column\">\n\t\t\t<div class=\"elementor-widget-wrap elementor-element-populated\">\n\t\t\t\t\t\t<div class=\"elementor-element elementor-element-bced371 elementor-widget elementor-widget-hub_fancy_heading\" data-id=\"bced371\" data-element_type=\"widget\" data-widget_type=\"hub_fancy_heading.default\">\n\t\t\t\t<div class=\"elementor-widget-container\">\n\t\t\t\t\t\n\t\t<div id=\"ld-fancy-heading-69f3137c209ee\" class=\"ld-fancy-heading pos-rel\">\n\t\t\t<p class=\"ld-fh-element d-inline-block pos-rel  lqd-highlight-classic lqd-highlight-grow-left p\"  > Hundreds of artists have come to G\u0103r\u00e2na over the last 27 years and have been heard by around 130,000 people. Among them is Eberhard Weber, \nTomasz Sta\u0144ko, Liv Warfield, Mike Stern, Jan Garbarek, Charles Lloyd, Snarky Puppy, Jean-Luc Ponty, John Abercrombie, Miroslav Vitous, Zakir Hussain, Nils Petter Molvaer and many others.\n<\/p>\t\t<\/div>\n\n\t\t\t\t\t\t<\/div>\n\t\t\t\t<\/div>\n\t\t\t\t<div class=\"elementor-element elementor-element-aac599d elementor-align-left elementor-tablet-align-left elementor-widget__width-auto elementor-mobile-align-center elementor-widget elementor-widget-ld_button\" data-id=\"aac599d\" data-element_type=\"widget\" data-widget_type=\"ld_button.default\">\n\t\t\t\t<div class=\"elementor-widget-container\">\n\t\t\t\t\t\n\t\t\t<a\n\t\t\t\thref=\"https:\/\/garana-jazz.ro\/en\/istoric-gjf\/\"class=\"elementor-button btn btn-solid btn-icon-right btn-hover-reveal btn-has-label\"\t\t\t>\n\t\t\t\t\t\t\t\t\t<span data-text=\"TIMETABLES 1997-2024\" class=\"btn-txt\">\n\t\t\t\t\t\tTIMETABLES 1997-2024\t\t\t\t\t<\/span>\n\t\t\t\t\t\t\t\t\t\t\t\t\t\t<span class=\"btn-icon\">\n\t\t\t\t\t\t\t<i aria-hidden=\"true\" class=\"lqd-icn-ess icon-md-arrow-forward\"><\/i>\t\t\t\t\t\t<\/span>\n\t\t\t\t\t\t\t\t\t<\/a>\n\t\t\t\t\t\t\t<\/div>\n\t\t\t\t<\/div>\n\t\t\t\t\t<\/div>\n\t\t<\/div>\n\t\t\t\t\t<\/div>\n\t\t<\/section>\n\t\t\t\t<section class=\"elementor-section elementor-top-section elementor-element elementor-element-5ab30ef elementor-section-content-middle elementor-section-height-min-height elementor-section-items-bottom elementor-section-boxed elementor-section-height-default\" data-id=\"5ab30ef\" data-element_type=\"section\" data-settings=\"{&quot;background_background&quot;:&quot;classic&quot;}\">\n\t\t\t\t\t\t\t<div class=\"elementor-background-overlay\"><\/div>\n\t\t\t\t\t\t\t<div class=\"elementor-container elementor-column-gap-default\">\n\t\t\t\t\t<div data-parallax=\"true\" data-parallax-options=\"{&quot;ease&quot;:[&quot;linear&quot;],&quot;start&quot;:&quot;top bottom&quot;,&quot;end&quot;:&quot;bottom+=0px top&quot;}\" data-parallax-from=\"{&quot;y&quot;:&quot;100px&quot;,&quot;transformOrigin&quot;:&quot;50% 50% 0px&quot;}\" data-parallax-to=\"{&quot;y&quot;:&quot;-80px&quot;,&quot;transformOrigin&quot;:&quot;50% 50% 0px&quot;}\" class=\"elementor-column elementor-col-100 elementor-top-column elementor-element elementor-element-56b9834\" data-id=\"56b9834\" data-element_type=\"column\">\n\t\t\t<div class=\"elementor-widget-wrap elementor-element-populated\">\n\t\t\t\t\t\t<div class=\"elementor-element elementor-element-f2971f2 elementor-widget elementor-widget-hub_fancy_heading\" data-id=\"f2971f2\" data-element_type=\"widget\" data-widget_type=\"hub_fancy_heading.default\">\n\t\t\t\t<div class=\"elementor-widget-container\">\n\t\t\t\t\t\n\t\t<div id=\"ld-fancy-heading-69f3137c259e4\" class=\"ld-fancy-heading pos-rel\">\n\t\t\t<h2 class=\"ld-fh-element d-inline-block pos-rel  elementor-heading-title lqd-highlight-classic lqd-highlight-grow-left h2\"  > ORGANISING TEAM<\/h2>\t\t<\/div>\n\n\t\t\t\t\t\t<\/div>\n\t\t\t\t<\/div>\n\t\t\t\t\t<\/div>\n\t\t<\/div>\n\t\t\t\t\t<\/div>\n\t\t<\/section>\n\t\t\t\t<section class=\"elementor-section elementor-top-section elementor-element elementor-element-ef494c7 elementor-section-content-bottom elementor-section-boxed elementor-section-height-default elementor-section-height-default\" data-id=\"ef494c7\" data-element_type=\"section\" data-settings=\"{&quot;background_background&quot;:&quot;classic&quot;}\">\n\t\t\t\t\t\t<div class=\"elementor-container elementor-column-gap-default\">\n\t\t\t\t\t<div class=\"elementor-column elementor-col-100 elementor-top-column elementor-element elementor-element-8d25a95\" data-id=\"8d25a95\" data-element_type=\"column\">\n\t\t\t<div class=\"elementor-widget-wrap elementor-element-populated\">\n\t\t\t\t\t\t<div class=\"elementor-element elementor-element-3661271 elementor-widget elementor-widget-hub_fancy_heading\" data-id=\"3661271\" data-element_type=\"widget\" data-widget_type=\"hub_fancy_heading.default\">\n\t\t\t\t<div class=\"elementor-widget-container\">\n\t\t\t\t\t\n\t\t<div id=\"ld-fancy-heading-69f3137c25ecd\" class=\"ld-fancy-heading pos-rel\">\n\t\t\t<p class=\"ld-fh-element d-inline-block pos-rel  lqd-highlight-classic lqd-highlight-grow-left p\"  > G\u0103r\u00e2na Jazz Festival exists as an association under private law since March 23, 2004. The main mission of the festival is the promotion of jazz and its artists through a high-quality event open to all audiences. <\/p>\t\t<\/div>\n\n\t\t\t\t\t\t<\/div>\n\t\t\t\t<\/div>\n\t\t\t\t\t<\/div>\n\t\t<\/div>\n\t\t\t\t\t<\/div>\n\t\t<\/section>\n\t\t\t\t<section class=\"elementor-section elementor-top-section elementor-element elementor-element-b52a6fa elementor-section-content-bottom elementor-section-boxed elementor-section-height-default elementor-section-height-default\" data-id=\"b52a6fa\" data-element_type=\"section\" data-settings=\"{&quot;background_background&quot;:&quot;classic&quot;}\">\n\t\t\t\t\t\t<div class=\"elementor-container elementor-column-gap-default\">\n\t\t\t\t\t<div class=\"elementor-column elementor-col-50 elementor-top-column elementor-element elementor-element-f93cc31\" data-id=\"f93cc31\" data-element_type=\"column\">\n\t\t\t<div class=\"elementor-widget-wrap elementor-element-populated\">\n\t\t\t\t\t\t<div class=\"elementor-element elementor-element-74527a2 elementor-widget elementor-widget-hub_fancy_heading\" data-id=\"74527a2\" data-element_type=\"widget\" data-widget_type=\"hub_fancy_heading.default\">\n\t\t\t\t<div class=\"elementor-widget-container\">\n\t\t\t\t\t\n\t\t<div id=\"ld-fancy-heading-69f3137c26377\" class=\"ld-fancy-heading pos-rel\">\n\t\t\t<p class=\"ld-fh-element d-inline-block pos-rel  lqd-highlight-classic lqd-highlight-grow-left p\"  > The first edition was born from a jam session between friends in the courtyard of La R\u0103scruce inn, in 1997. The founders of G\u0103r\u00e2na Jazz Festival are Gigi T\u0103u\u0219 (the owner of the inn), Liviu Butoi, Paul Weiner and Puba Hromatka. We, the current organizers, were only spectators at the birth of the Festival, which first took place on August 8-9.<\/p>\t\t<\/div>\n\n\t\t\t\t\t\t<\/div>\n\t\t\t\t<\/div>\n\t\t\t\t\t<\/div>\n\t\t<\/div>\n\t\t\t\t<div class=\"elementor-column elementor-col-50 elementor-top-column elementor-element elementor-element-5bb0301\" data-id=\"5bb0301\" data-element_type=\"column\">\n\t\t\t<div class=\"elementor-widget-wrap elementor-element-populated\">\n\t\t\t\t\t\t<div class=\"elementor-element elementor-element-981ac9c elementor-widget elementor-widget-hub_fancy_heading\" data-id=\"981ac9c\" data-element_type=\"widget\" data-widget_type=\"hub_fancy_heading.default\">\n\t\t\t\t<div class=\"elementor-widget-container\">\n\t\t\t\t\t\n\t\t<div id=\"ld-fancy-heading-69f3137c26806\" class=\"ld-fancy-heading pos-rel\">\n\t\t\t<p class=\"ld-fh-element d-inline-block pos-rel  lqd-highlight-classic lqd-highlight-grow-left p\"  > G\u0103r\u00e2na Jazz Festival stands as a testimony to the dynamism of a team committed to the continuing existence of this event thanks to the participation of an organising committee and supported by a team of volunteers. Whether they are passionate about music or simply motivated to participate, all these loyal and enthusiastic people continue to work for the life of this festival which is deeply rooted in the village of G\u0103r\u00e2na as well as in jazz music in a broader sense.<\/p>\t\t<\/div>\n\n\t\t\t\t\t\t<\/div>\n\t\t\t\t<\/div>\n\t\t\t\t\t<\/div>\n\t\t<\/div>\n\t\t\t\t\t<\/div>\n\t\t<\/section>\n\t\t\t\t<section class=\"elementor-section elementor-top-section elementor-element elementor-element-f61d182 elementor-section-boxed elementor-section-height-default elementor-section-height-default\" data-id=\"f61d182\" data-element_type=\"section\" data-settings=\"{&quot;background_background&quot;:&quot;classic&quot;}\">\n\t\t\t\t\t\t<div class=\"elementor-container elementor-column-gap-default\">\n\t\t\t\t\t<div class=\"elementor-column elementor-col-33 elementor-top-column elementor-element elementor-element-6caf591\" data-id=\"6caf591\" data-element_type=\"column\">\n\t\t\t<div class=\"elementor-widget-wrap elementor-element-populated\">\n\t\t\t\t\t\t<div class=\"elementor-element elementor-element-379e87a elementor-align-left elementor-widget elementor-widget-ld_icon_box\" data-id=\"379e87a\" data-element_type=\"widget\" data-widget_type=\"ld_icon_box.default\">\n\t\t\t\t<div class=\"elementor-widget-container\">\n\t\t\t\t\t\n\t\t\t<div id=\"ld_icon_box_379e87a\" class=\"iconbox d-flex flex-grow-1 pos-rel flex-wrap align-items-center iconbox-inline\"   >\n\n\t\t\t\t\n\t\t\t\t<div class=\"iconbox-icon-wrap\"><div class=\"iconbox-icon-container d-inline-flex\"><svg xmlns=\"http:\/\/www.w3.org\/2000\/svg\" width=\"22\" height=\"19\" viewbox=\"0 0 22 19\"><g fill=\"none\"><path d=\"M11,0,22,19H0Z\" stroke=\"none\"><\/path><path d=\"M 11 3.991720199584961 L 3.468891143798828 17 L 18.53110885620117 17 L 11 3.991720199584961 M 11 0 L 22 19 L 0 19 L 11 0 Z\" stroke=\"none\" fill=\"#000\"><\/path><\/g><\/svg><\/div><\/div>\n\t\t\t\t<h3 class=\"lqd-iconbox-heading\" >Marius Giura (festival director)<br>\nSimona Giura (co-director)<br>\nCristina Giura (logistics) <\/h3>\n\t\t\t\t\n\t\t\t\t\n\t\t\t\t\t\t\t\t<p><\/p>\n\t\t\t\t\n\t\t\t\t\n\t\t\t\t\n\t\t\t<\/div>\n\n\t\t\t\t\t\t<\/div>\n\t\t\t\t<\/div>\n\t\t\t\t\t<\/div>\n\t\t<\/div>\n\t\t\t\t<div class=\"elementor-column elementor-col-33 elementor-top-column elementor-element elementor-element-5970898\" data-id=\"5970898\" data-element_type=\"column\">\n\t\t\t<div class=\"elementor-widget-wrap elementor-element-populated\">\n\t\t\t\t\t\t<div class=\"elementor-element elementor-element-7bdd881 elementor-align-left elementor-widget elementor-widget-ld_icon_box\" data-id=\"7bdd881\" data-element_type=\"widget\" data-widget_type=\"ld_icon_box.default\">\n\t\t\t\t<div class=\"elementor-widget-container\">\n\t\t\t\t\t\n\t\t\t<div id=\"ld_icon_box_7bdd881\" class=\"iconbox d-flex flex-grow-1 pos-rel flex-wrap align-items-center iconbox-inline\"   >\n\n\t\t\t\t\n\t\t\t\t<div class=\"iconbox-icon-wrap\"><div class=\"iconbox-icon-container d-inline-flex\"><svg xmlns=\"http:\/\/www.w3.org\/2000\/svg\" width=\"20\" height=\"20\" viewbox=\"0 0 20 20\"><g fill=\"none\" stroke=\"#000\" stroke-width=\"2\"><rect width=\"20\" height=\"20\" rx=\"10\" stroke=\"none\"><\/rect><rect x=\"1\" y=\"1\" width=\"18\" height=\"18\" rx=\"9\" fill=\"none\"><\/rect><\/g><\/svg><\/div><\/div>\n\t\t\t\t<h3 class=\"lqd-iconbox-heading\" >Mihaela Sofian (communication)<br>\nMihai Mija - Creative Curator &amp; Brand Partnership\u00a0Manager <\/h3>\n\t\t\t\t<div class=\"contents\">\n\t\t\t\t\n\t\t\t\t\t\t\t\t<p>\n<\/p>\n\t\t\t\t\n\t\t\t\t<\/div>\n\t\t\t\t\n\t\t\t<\/div>\n\n\t\t\t\t\t\t<\/div>\n\t\t\t\t<\/div>\n\t\t\t\t\t<\/div>\n\t\t<\/div>\n\t\t\t\t<div class=\"elementor-column elementor-col-33 elementor-top-column elementor-element elementor-element-ba33af1\" data-id=\"ba33af1\" data-element_type=\"column\">\n\t\t\t<div class=\"elementor-widget-wrap elementor-element-populated\">\n\t\t\t\t\t\t<div class=\"elementor-element elementor-element-a35111f elementor-align-left elementor-widget elementor-widget-ld_icon_box\" data-id=\"a35111f\" data-element_type=\"widget\" data-widget_type=\"ld_icon_box.default\">\n\t\t\t\t<div class=\"elementor-widget-container\">\n\t\t\t\t\t\n\t\t\t<div id=\"ld_icon_box_a35111f\" class=\"iconbox d-flex flex-grow-1 pos-rel flex-wrap align-items-center iconbox-inline\"   >\n\n\t\t\t\t\n\t\t\t\t<div class=\"iconbox-icon-wrap\"><div class=\"iconbox-icon-container d-inline-flex\"><svg xmlns=\"http:\/\/www.w3.org\/2000\/svg\" width=\"20\" height=\"20\" viewbox=\"0 0 20 20\"><g fill=\"none\" stroke=\"#000\" stroke-width=\"2\"><rect width=\"20\" height=\"20\" stroke=\"none\"><\/rect><rect x=\"1\" y=\"1\" width=\"18\" height=\"18\" fill=\"none\"><\/rect><\/g><\/svg><\/div><\/div>\n\t\t\t\t<h3 class=\"lqd-iconbox-heading\" >Daniel Fota (vendors and administration Main Stage)<br>\nCaius Giura (Administrator-coordinator)<br>\nGabi Giura (Administration)\n <\/h3>\n\t\t\t\t\n\t\t\t\t\n\t\t\t\t\t\t\t\t<p><\/p>\n\t\t\t\t\n\t\t\t\t\n\t\t\t\t\n\t\t\t<\/div>\n\n\t\t\t\t\t\t<\/div>\n\t\t\t\t<\/div>\n\t\t\t\t\t<\/div>\n\t\t<\/div>\n\t\t\t\t\t<\/div>\n\t\t<\/section>\n\t\t\t\t<section class=\"elementor-section elementor-top-section elementor-element elementor-element-1710803 elementor-section-boxed elementor-section-height-default elementor-section-height-default\" data-id=\"1710803\" data-element_type=\"section\" data-settings=\"{&quot;background_background&quot;:&quot;classic&quot;}\">\n\t\t\t\t\t\t<div class=\"elementor-container elementor-column-gap-default\">\n\t\t\t\t\t<div class=\"elementor-column elementor-col-100 elementor-top-column elementor-element elementor-element-f93895a\" data-id=\"f93895a\" data-element_type=\"column\">\n\t\t\t<div class=\"elementor-widget-wrap elementor-element-populated\">\n\t\t\t\t\t\t<div class=\"elementor-element elementor-element-6dd5695 elementor-align-center elementor-widget elementor-widget-ld_icon_box\" data-id=\"6dd5695\" data-element_type=\"widget\" data-widget_type=\"ld_icon_box.default\">\n\t\t\t\t<div class=\"elementor-widget-container\">\n\t\t\t\t\t\n\t\t\t<div id=\"ld_icon_box_6dd5695\" class=\"iconbox d-flex flex-grow-1 pos-rel flex-wrap align-items-center iconbox-inline\"   >\n\n\t\t\t\t\n\t\t\t\t<div class=\"iconbox-icon-wrap\"><div class=\"iconbox-icon-container d-inline-flex\"><i aria-hidden=\"true\" class=\"lqd-icn-ess icon-lqd-dots-alt\"><\/i><\/div><\/div>\n\t\t\t\t<h3 class=\"lqd-iconbox-heading\" >Grafic\u0103: Alin Cinc\u0103 \/ Costin Popescu<br>\nWeb: Codru\u021b Alexoaia<br> <\/h3>\n\t\t\t\t\n\t\t\t\t\n\t\t\t\t\t\t\t\t<p><\/p>\n\t\t\t\t\n\t\t\t\t\n\t\t\t\t\n\t\t\t<\/div>\n\n\t\t\t\t\t\t<\/div>\n\t\t\t\t<\/div>\n\t\t\t\t\t<\/div>\n\t\t<\/div>\n\t\t\t\t\t<\/div>\n\t\t<\/section>\n\t\t\t\t<section class=\"elementor-section elementor-top-section elementor-element elementor-element-d4902c5 elementor-section-content-bottom elementor-section-boxed elementor-section-height-default elementor-section-height-default\" data-id=\"d4902c5\" data-element_type=\"section\" data-settings=\"{&quot;background_background&quot;:&quot;classic&quot;}\">\n\t\t\t\t\t\t<div class=\"elementor-container elementor-column-gap-default\">\n\t\t\t\t\t<div class=\"elementor-column elementor-col-100 elementor-top-column elementor-element elementor-element-b46df1b\" data-id=\"b46df1b\" data-element_type=\"column\">\n\t\t\t<div class=\"elementor-widget-wrap elementor-element-populated\">\n\t\t\t\t\t\t<div class=\"elementor-element elementor-element-bf5973b elementor-widget elementor-widget-hub_fancy_heading\" data-id=\"bf5973b\" data-element_type=\"widget\" data-widget_type=\"hub_fancy_heading.default\">\n\t\t\t\t<div class=\"elementor-widget-container\">\n\t\t\t\t\t\n\t\t<div id=\"ld-fancy-heading-69f3137c376e1\" class=\"ld-fancy-heading pos-rel\">\n\t\t\t<h2 class=\"ld-fh-element d-inline-block pos-rel  elementor-heading-title lqd-highlight-classic lqd-highlight-grow-left h2\"  > JAZZ BANAT FOUNDATION <\/h2>\t\t<\/div>\n\n\t\t\t\t\t\t<\/div>\n\t\t\t\t<\/div>\n\t\t\t\t<div class=\"elementor-element elementor-element-41148e9 elementor-widget elementor-widget-hub_fancy_heading\" data-id=\"41148e9\" data-element_type=\"widget\" data-widget_type=\"hub_fancy_heading.default\">\n\t\t\t\t<div class=\"elementor-widget-container\">\n\t\t\t\t\t\n\t\t<div id=\"ld-fancy-heading-69f3137c37c11\" class=\"ld-fancy-heading pos-rel\">\n\t\t\t<p class=\"ld-fh-element d-inline-block pos-rel  lqd-highlight-classic lqd-highlight-grow-left p\"  > The Jazz Banat Cultural Foundation is a non profit cultural Foundation founded in 2004 with the aim to help support the G\u0103r\u00e2na Jazz Festival and promote jazz and other musical genres in the Banat region. The Foundation takes care of fundraising and is therefore essential to the survival of the Festival. \n<br><br>\nThe Foundation\u2019s committee members are Marius Giura, Gabi Giura, \u0218tefan Giura, Cristina Giura and Simona Giura.\n<\/p>\t\t<\/div>\n\n\t\t\t\t\t\t<\/div>\n\t\t\t\t<\/div>\n\t\t\t\t\t<\/div>\n\t\t<\/div>\n\t\t\t\t\t<\/div>\n\t\t<\/section>\n\t\t\t\t<\/div>","protected":false},"excerpt":{"rendered":"<p>JAZZ-UL S-A AUZIT PENTRU PRIMA DAT\u0102 LA G\u0102R\u00c2NA \u00ceN 1997 \u00eentr-un jam session improvizat de prieteni \u00een Hanul La R\u0103scruce. Povestea a continuat \u00een urm\u0103torul an \u0219i \u00een urm\u0103torii 27 de ani, transform\u00e2nd un sat din Mun\u021bii Semenic \u00een loca\u021bia celui mai important festival de open air jazz din Europa Central\u0103 \u0219i de Est. ISTORIC [&hellip;]<\/p>","protected":false},"author":3,"featured_media":0,"parent":0,"menu_order":0,"comment_status":"closed","ping_status":"closed","template":"","meta":{"footnotes":""},"class_list":["post-399","page","type-page","status-publish","hentry"],"_links":{"self":[{"href":"https:\/\/garana-jazz.ro\/en\/wp-json\/wp\/v2\/pages\/399","targetHints":{"allow":["GET"]}}],"collection":[{"href":"https:\/\/garana-jazz.ro\/en\/wp-json\/wp\/v2\/pages"}],"about":[{"href":"https:\/\/garana-jazz.ro\/en\/wp-json\/wp\/v2\/types\/page"}],"author":[{"embeddable":true,"href":"https:\/\/garana-jazz.ro\/en\/wp-json\/wp\/v2\/users\/3"}],"replies":[{"embeddable":true,"href":"https:\/\/garana-jazz.ro\/en\/wp-json\/wp\/v2\/comments?post=399"}],"version-history":[{"count":22,"href":"https:\/\/garana-jazz.ro\/en\/wp-json\/wp\/v2\/pages\/399\/revisions"}],"predecessor-version":[{"id":10547,"href":"https:\/\/garana-jazz.ro\/en\/wp-json\/wp\/v2\/pages\/399\/revisions\/10547"}],"wp:attachment":[{"href":"https:\/\/garana-jazz.ro\/en\/wp-json\/wp\/v2\/media?parent=399"}],"curies":[{"name":"wp","href":"https:\/\/api.w.org\/{rel}","templated":true}]}}