{"id":3992,"date":"2024-02-09T10:46:04","date_gmt":"2024-02-09T07:46:04","guid":{"rendered":"https:\/\/garana-jazz.mywp.ro\/?page_id=3992"},"modified":"2025-07-14T16:29:06","modified_gmt":"2025-07-14T13:29:06","slug":"stiri","status":"publish","type":"page","link":"https:\/\/garana-jazz.ro\/en\/stiri\/","title":{"rendered":"News"},"content":{"rendered":"<div data-elementor-type=\"wp-page\" data-elementor-id=\"3992\" class=\"elementor elementor-3992\" data-elementor-post-type=\"page\">\n\t\t\t\t\t\t<section class=\"elementor-section elementor-top-section elementor-element elementor-element-7d021345 elementor-section-content-middle elementor-section-boxed elementor-section-height-default elementor-section-height-default\" data-id=\"7d021345\" data-element_type=\"section\" data-settings=\"{&quot;background_background&quot;:&quot;classic&quot;}\">\n\t\t\t\t\t\t\t<div class=\"elementor-background-overlay\"><\/div>\n\t\t\t\t\t\t\t<div class=\"elementor-container elementor-column-gap-default\">\n\t\t\t\t\t<div class=\"elementor-column elementor-col-66 elementor-top-column elementor-element elementor-element-6965c3ca\" data-id=\"6965c3ca\" data-element_type=\"column\">\n\t\t\t<div class=\"elementor-widget-wrap elementor-element-populated\">\n\t\t\t\t\t\t<div class=\"elementor-element elementor-element-5b693128 elementor-widget elementor-widget-hub_fancy_heading\" data-id=\"5b693128\" data-element_type=\"widget\" data-widget_type=\"hub_fancy_heading.default\">\n\t\t\t\t<div class=\"elementor-widget-container\">\n\t\t\t\t\t\n\t\t<div id=\"ld-fancy-heading-69f5b62557b9b\" class=\"ld-fancy-heading pos-rel\">\n\t\t\t<h6 class=\"ld-fh-element d-inline-block pos-rel  elementor-heading-title lqd-highlight-classic lqd-highlight-grow-left h6\"  > News<\/h6>\t\t<\/div>\n\n\t\t\t\t\t\t<\/div>\n\t\t\t\t<\/div>\n\t\t\t\t<div class=\"elementor-element elementor-element-4c554d20 elementor-widget elementor-widget-hub_fancy_heading\" data-id=\"4c554d20\" data-element_type=\"widget\" data-widget_type=\"hub_fancy_heading.default\">\n\t\t\t\t<div class=\"elementor-widget-container\">\n\t\t\t\t\t\n\t\t<div id=\"ld-fancy-heading-69f5b62557fd9\" class=\"ld-fancy-heading pos-rel\">\n\t\t\t<h1 class=\"ld-fh-element d-inline-block pos-rel  elementor-heading-title lqd-highlight-classic lqd-highlight-grow-left h1\"  > G\u0102R\u00c2NA JAZZ FESTIVAL \u2013 A COLONY OF ARTISTS SINCE 1997 <\/h1>\t\t<\/div>\n\n\t\t\t\t\t\t<\/div>\n\t\t\t\t<\/div>\n\t\t\t\t\t<\/div>\n\t\t<\/div>\n\t\t\t\t<div class=\"elementor-column elementor-col-33 elementor-top-column elementor-element elementor-element-1e7d6c19\" data-id=\"1e7d6c19\" data-element_type=\"column\">\n\t\t\t<div class=\"elementor-widget-wrap elementor-element-populated\">\n\t\t\t\t\t\t<div class=\"elementor-element elementor-element-863602 elementor-widget elementor-widget-hub_fancy_heading\" data-id=\"863602\" data-element_type=\"widget\" data-widget_type=\"hub_fancy_heading.default\">\n\t\t\t\t<div class=\"elementor-widget-container\">\n\t\t\t\t\t\n\t\t<div id=\"ld-fancy-heading-69f5b62558276\" class=\"ld-fancy-heading pos-rel\">\n\t\t\t<p class=\"ld-fh-element d-inline-block pos-rel  lqd-highlight-classic lqd-highlight-grow-left p\"  > It all started in 1997 within an improvised jazz session among close friends in a small Transylvanian village up in the Semenic Mountains. The initiative went on in the following year and in the following 27 years, emerging into what the critics now call one of the most prestigious open-air jazz festival in Eastern and Central Europe.<\/p>\t\t<\/div>\n\n\t\t\t\t\t\t<\/div>\n\t\t\t\t<\/div>\n\t\t\t\t\t<\/div>\n\t\t<\/div>\n\t\t\t\t\t<\/div>\n\t\t<\/section>\n\t\t\t\t<section class=\"elementor-section elementor-top-section elementor-element elementor-element-66704e5 elementor-section-boxed elementor-section-height-default elementor-section-height-default\" data-id=\"66704e5\" data-element_type=\"section\" data-settings=\"{&quot;background_background&quot;:&quot;classic&quot;}\">\n\t\t\t\t\t\t<div class=\"elementor-container elementor-column-gap-extended\">\n\t\t\t\t\t<div class=\"elementor-column elementor-col-100 elementor-top-column elementor-element elementor-element-2616345\" data-id=\"2616345\" data-element_type=\"column\">\n\t\t\t<div class=\"elementor-widget-wrap elementor-element-populated\">\n\t\t\t\t\t\t<div class=\"elementor-element elementor-element-013bce8 elementor-widget elementor-widget-hub_fancy_heading\" data-id=\"013bce8\" data-element_type=\"widget\" data-widget_type=\"hub_fancy_heading.default\">\n\t\t\t\t<div class=\"elementor-widget-container\">\n\t\t\t\t\t\n\t\t<div id=\"ld-fancy-heading-69f5b625584fd\" class=\"ld-fancy-heading pos-rel\">\n\t\t\t<h2 class=\"ld-fh-element d-inline-block pos-rel  elementor-heading-title lqd-highlight-classic lqd-highlight-grow-left h2\"  > #garanajazz29<\/h2>\t\t<\/div>\n\n\t\t\t\t\t\t<\/div>\n\t\t\t\t<\/div>\n\t\t\t\t<div class=\"elementor-element elementor-element-6686f88 elementor-widget elementor-widget-shortcode\" data-id=\"6686f88\" data-element_type=\"widget\" data-widget_type=\"shortcode.default\">\n\t\t\t\t<div class=\"elementor-widget-container\">\n\t\t\t\t\t\t\t<div class=\"elementor-shortcode\"><link rel='stylesheet' id='ff-dynamic-css1' type='text\/css' href='https:\/\/garana-jazz.ro\/wp-content\/resources\/flow-flow\/css\/stream-id1.css?ver=1752559467'\/><!-- Flow-Flow \u2014 Social stream plugin for WordPress -->\n<div class=\"ff-stream\" data-plugin=\"flow_flow\" id=\"ff-stream-1\"><span class=\"ff-loader\"><span class=\"ff-square\" ><\/span><span class=\"ff-square\"><\/span><span class=\"ff-square ff-last\"><\/span><span class=\"ff-square ff-clear\"><\/span><span class=\"ff-square\"><\/span><span class=\"ff-square ff-last\"><\/span><span class=\"ff-square ff-clear\"><\/span><span class=\"ff-square\"><\/span><span class=\"ff-square ff-last\"><\/span><\/span><\/div>\n<svg aria-hidden=\"true\" style=\"position: absolute; width: 0; height: 0; overflow: hidden;\" version=\"1.1\"><defs><symbol id=\"ff-icon-heart\" viewbox=\"0 0 48 48\"><path d=\"M34.6 3.1c-4.5 0-7.9 1.8-10.6 5.6-2.7-3.7-6.1-5.5-10.6-5.5C6 3.1 0 9.6 0 17.6c0 7.3 5.4 12 10.6 16.5.6.5 1.3 1.1 1.9 1.7l2.3 2c4.4 3.9 6.6 5.9 7.6 6.5.5.3 1.1.5 1.6.5s1.1-.2 1.6-.5c1-.6 2.8-2.2 7.8-6.8l2-1.8c.7-.6 1.3-1.2 2-1.7C42.7 29.6 48 25 48 17.6c0-8-6-14.5-13.4-14.5z\"><\/path><\/symbol><\/defs><\/svg>\n<script type=\"text\/javascript\" class=\"ff-stream-inline-js\" id=\"ff-stream-inline-js-1\">\n\n    (function () {\n        var timer, abortTimer;\n\n        timer = setInterval( function() {\n            if ( window.jQuery ) {\n                clearInterval( timer );\n                afterContentArrived( window.jQuery );\n            }\n        }, 67);\n\n        abortTimer = setTimeout( function () {\n\n            if ( !window.jQuery ) {\n                clearInterval( timer );\n                console.log('FLOW-FLOW DEBUG MESSAGE: No jQuery on page, please make sure it is loaded because jQuery is plugin requirement');\n            }\n        }, 20000);\n\n        function afterContentArrived ( $ ) {\n\n            \"use strict\";\n\n            var hash = '1777577525.77d2574bb6d7ee1332f0c13b3684d193ee3b6d072d9d242a39735e844a035775808e731e1229cd6a8179a5fd85764e05';\n\n            var opts = window.FlowFlowOpts || {\"streams\":{},\"open_in_new\":\"yep\",\"filter_all\":\"All\",\"filter_search\":\"Search\",\"expand_text\":\"Expand\",\"collapse_text\":\"Collapse\",\"posted_on\":\"Posted on\",\"followers\":\"Followers\",\"following\":\"Following\",\"posts\":\"Posts\",\"show_more\":\"Show more\",\"date_style\":\"agoStyleDate\",\"dates\":{\"Yesterday\":\"Yesterday\",\"s\":\"s\",\"m\":\"m\",\"h\":\"h\",\"ago\":\"ago\",\"months\":[\"Jan\",\"Feb\",\"March\",\"April\",\"May\",\"June\",\"July\",\"Aug\",\"Sept\",\"Oct\",\"Nov\",\"Dec\"]},\"lightbox_navigate\":\"Navigate with arrow keys\",\"view_on\":\"View on\",\"view_on_site\":\"View on site\",\"view_all\":\"View all\",\"comments\":\"comments\",\"scroll\":\"Scroll for more\",\"no_comments\":\"No comments yet.\",\"check_comments\":\"Check all comments\",\"be_first\":\"Be the first!\",\"loading\":\"Loading\",\"server_time\":1777721429,\"forceHTTPS\":\"yep\",\"isAdmin\":false,\"ajaxurl\":\"https:\\\/\\\/garana-jazz.ro\\\/wp-admin\\\/admin-ajax.php\",\"isLog\":false,\"plugin_base\":\"https:\\\/\\\/garana-jazz.ro\\\/wp-content\\\/plugins\\\/flow-flow\",\"plugin_ver\":\"4.9.72\",\"domain\":\"garana-jazz.ro\",\"token\":\"\"};\n\n            var isLS = isLocalStorageNameSupported();\n\n            var FF_resource = window.FF_resource ||\n                {\n                    scriptDeferred: $.Deferred(),\n                    styleDeferred:  $.Deferred(),\n                    scriptLoading: false,\n                    styleLoading: false\n                };\n\n            if ( !window.FF_resource ) window.FF_resource = FF_resource;\n            if ( !window.FlowFlowOpts ) window.FlowFlowOpts = opts;\n\n\t        \n            var data = {\n                'shop': 'garana-jazz.ro',\n                'action': 'fetch_posts',\n                'stream-id': '1',\n                'disable-cache': '',\n                'hash': hash,\n                'page': '0',\n                'preview': '0',\n                'token':  '',\n                'boosted': '0'\n            };\n\n            var isMobile = \/android|blackBerry|iphone|ipad|ipod|opera mini|iemobile\/i.test( navigator.userAgent );\n\n            var streamOpts = {\"name\":\"garana\",\"cloud\":\"nope\",\"mod\":\"nope\",\"order\":\"smartCompare\",\"posts\":\"30\",\"page-posts\":\"20\",\"cache\":\"yep\",\"cache_lifetime\":\"10\",\"gallery\":\"yep\",\"gallery-type\":\"classic\",\"private\":\"nope\",\"hide-on-desktop\":\"nope\",\"hide-on-mobile\":\"nope\",\"max-res\":\"yep\",\"show-only-media-posts\":\"nope\",\"titles\":\"nope\",\"hidemeta\":\"yep\",\"hidetext\":\"nope\",\"headingcolor\":\"rgb(59, 61, 64)\",\"subheadingcolor\":\"rgb(114, 112, 114)\",\"hhalign\":\"center\",\"bgcolor\":\"rgba(241, 241, 241, 0)\",\"filter\":\"nope\",\"filtercolor\":\"rgb(205, 205, 205)\",\"mobileslider\":\"nope\",\"viewportin\":\"yep\",\"width\":\"260\",\"margin\":\"20\",\"layout\":\"carousel\",\"theme\":\"classic\",\"gc-style\":\"style-1\",\"upic-pos\":\"off\",\"upic-style\":\"square\",\"bradius\":\"10\",\"icon-style\":\"off\",\"icon-col\":\"colored\",\"cardcolor\":\"rgba(30, 30, 30, 0.82)\",\"namecolor\":\"rgb(255, 255, 255)\",\"textcolor\":\"rgb(240, 241, 241)\",\"linkscolor\":\"rgb(94, 159, 202)\",\"restcolor\":\"rgb(217, 212, 216)\",\"shadow\":\"rgba(0, 0, 0, 0.05)\",\"bcolor\":\"rgba(0, 0, 0, 0)\",\"talign\":\"left\",\"icons-style\":\"outline\",\"cards-num\":\"3\",\"scrolltop\":\"yep\",\"c-desktop\":\"2\",\"c-laptop\":\"2\",\"c-tablet-l\":\"1\",\"c-tablet-p\":\"1\",\"c-smart-l\":\"1\",\"c-smart-p\":\"1\",\"s-desktop\":\"5\",\"s-laptop\":\"5\",\"s-tablet-l\":\"5\",\"s-tablet-p\":\"5\",\"s-smart-l\":\"5\",\"s-smart-p\":\"5\",\"m-c-desktop\":\"3\",\"m-c-laptop\":\"3\",\"m-c-tablet-l\":\"2\",\"m-c-tablet-p\":\"1\",\"m-c-smart-l\":\"1\",\"m-c-smart-p\":\"1\",\"m-s-desktop\":\"5\",\"m-s-laptop\":\"5\",\"m-s-tablet-l\":\"5\",\"m-s-tablet-p\":\"5\",\"m-s-smart-l\":\"5\",\"m-s-smart-p\":\"5\",\"j-h-desktop\":\"550\",\"j-h-laptop\":\"550\",\"j-h-tablet-l\":\"550\",\"j-h-tablet-p\":\"550\",\"j-h-smart-l\":\"550\",\"j-h-smart-p\":\"550\",\"j-s-desktop\":\"5\",\"j-s-laptop\":\"5\",\"j-s-tablet-l\":\"5\",\"j-s-tablet-p\":\"5\",\"j-s-smart-l\":\"5\",\"j-s-smart-p\":\"5\",\"c-r-desktop\":\"1\",\"c-r-laptop\":\"1\",\"c-r-tablet-l\":\"1\",\"c-r-tablet-p\":\"1\",\"c-r-smart-l\":\"1\",\"c-r-smart-p\":\"1\",\"c-c-desktop\":\"2\",\"c-c-laptop\":\"2\",\"c-c-tablet-l\":\"2\",\"c-c-tablet-p\":\"1\",\"c-c-smart-l\":\"1\",\"c-c-smart-p\":\"1\",\"c-s-desktop\":\"10\",\"c-s-laptop\":\"10\",\"c-s-tablet-l\":\"10\",\"c-s-tablet-p\":\"10\",\"c-s-smart-l\":\"10\",\"c-s-smart-p\":\"10\",\"c-arrows-always\":\"yep\",\"c-arrows-mob\":\"yep\",\"c-dots\":\"yep\",\"c-dots-mob\":\"yep\",\"wallvm\":\"5\",\"wallhm\":\"5\",\"wallcomments\":\"yep\",\"g-ratio-w\":\"2\",\"g-ratio-h\":\"1\",\"g-ratio-img\":\"1\\\/2\",\"g-overlay\":\"yep\",\"m-overlay\":\"nope\",\"css\":\".ff-layout-grid .ff-has-overlay .ff-img-landscape img {\\n    height: 100% !important;\\n    object-fit: cover !important;\\n}\",\"template\":[\"image\",\"header\",\"text\",\"meta\"],\"tv\":\"nope\",\"tv-int\":\"5\",\"big\":\"nope\",\"id\":\"1\",\"last_changes\":1752559467,\"status\":\"1\",\"feeds\":[{\"id\":\"ek60078\",\"errors\":[],\"status\":\"1\",\"enabled\":\"yep\",\"last_update\":\"May 1 22:32\",\"cache_lifetime\":\"1440\",\"system_enabled\":\"1\",\"boosted\":\"nope\",\"timeline-type\":\"feed\",\"content\":\"GaranaJazzFest\",\"posts\":\"20\",\"mod\":\"nope\",\"mod-approve\":\"nope\",\"type\":\"facebook\",\"include\":\"\",\"filter-by-words\":\"\",\"page\":\"1\"}],\"preview\":false};\n            var ads = false;\n\t        streamOpts.shop = data.shop;\n            streamOpts.plugin = 'flow_flow';\n            streamOpts.trueLayout = streamOpts.layout;\n\n            \/*we will modify 'grid' layout to get 'carousel' layout*\/\n            if ( streamOpts.layout == 'carousel' ) {\n                streamOpts['layout'] = 'grid';\n                streamOpts['g-ratio-h'] = \"1\";\n                streamOpts['g-ratio-img'] = \"1\/2\";\n                streamOpts['g-ratio-w'] = \"1\";\n                streamOpts['g-overlay'] = \"yep\";\n                streamOpts['c-overlay'] = \"yep\";\n                streamOpts['s-desktop'] = \"0\";\n                streamOpts['s-laptop'] = \"0\";\n                streamOpts['s-smart-l'] = \"0\";\n                streamOpts['s-smart-p'] = \"0\";\n                streamOpts['s-tablet-l'] = \"0\";\n                streamOpts['s-tablet-p'] = \"0\";\n            }\n            else if ( streamOpts.layout == 'list' ) {  \/*the same with list, we only need news feed style*\/\n                streamOpts['layout'] = 'masonry';\n            }\n\n\t        if ( ads ) streamOpts.ads = ads;\n\n            opts.streams['stream' + streamOpts.id] = streamOpts;\n\n            var $cont = $(\"[data-plugin='flow_flow']#ff-stream-\"+data['stream-id']);\n            var ajaxDeferred;\n            var script, style;\n            var layout_pre = streamOpts.layout.charAt(0);\n            var isOverlay = layout_pre === 'j' || streamOpts[layout_pre + '-overlay'] === 'yep' && streamOpts.trueLayout !== 'list';\n            var imgIndex;\n            if (isOverlay) {\n                if (streamOpts.template[0] !== 'image') {\n                    for (var i = 0, len = streamOpts.template.length; i < len; i++) {\n                        if (streamOpts.template[i] === 'image') imgIndex = i;\n                    }\n                    streamOpts.template.splice(0, 0, streamOpts.template.splice(imgIndex, 1)[0]);\n                }\n                streamOpts.isOverlay = true;\n            };\n            if (FF_resource.scriptDeferred.state() === 'pending' && !FF_resource.scriptLoading) {\n                script = document.createElement('script');\n                script.src = \"https:\/\/garana-jazz.ro\/wp-content\/plugins\/flow-flow\/js\/public.js?ver=4.9.72\";\n                script.onload = function( script, textStatus ) {\n                    FF_resource.scriptDeferred.resolve();\n                };\n                document.body.appendChild(script);\n                FF_resource.scriptLoading = true;\n            };\n            if (FF_resource.styleDeferred.state() === 'pending' && !FF_resource.styleLoading) {\n                style = document.createElement('link');\n                style.type = \"text\/css\";\n                style.id = \"ff_style\";\n                style.rel = \"stylesheet\";\n                style.href = \"https:\/\/garana-jazz.ro\/wp-content\/plugins\/flow-flow\/css\/public.css?ver=4.9.72\";\n                style.media = \"screen\";\n                style.onload = function( script, textStatus ) {\n                    FF_resource.styleDeferred.resolve();\n                };\n                document.getElementsByTagName(\"head\")[0].appendChild(style);\n                FF_resource.styleLoading = true;\n            }\n            $cont.addClass('ff-layout-' + streamOpts.trueLayout);\n            if (!isMobile && streamOpts.trueLayout !== 'carousel') $cont.css('minHeight', '500px');\n            ajaxDeferred = isLS && sessionStorage.getItem(hash) ? {} : $.get(opts.ajaxurl, data)\n;\n            $.when( ajaxDeferred, FF_resource.scriptDeferred, FF_resource.styleDeferred ).done(function ( data ) {\n                var response, $errCont, err;\n                var moderation = 0;\n                var original = (isLS && sessionStorage.getItem(hash)) ? JSON.parse( sessionStorage.getItem(hash) ) : data[0];\n                try {\n                    \/* response = JSON.parse(original); *\/\n                    response = original; \/* since 4.1 *\/\n                } catch (e) {\n                    window.console && window.console.log('Flow-Flow gets invalid data from server');\n                    if (opts.isAdmin || opts.isLog) {\n\t                    $errCont = $('<' + 'div class=\"ff-errors\"><' + 'div class=\"ff-disclaim\">If you see this message then you have administrator permissions and Flow-Flow got invalid data from server. Please provide error message below if you are doing support request.<' + '\/div><' + 'div class=\"ff-err-info\"><'+'\/div><'+'\/div>');\n\t                    $cont.before($errCont);\n                        $errCont.find('.ff-err-info').html(original == '' ? 'Empty response from server' : original);\n                    }\n                    return;\n                }\n\n                if ( ! response ) {\n                \tconsole.log( 'FLOW-FLOW: null response from server' );\n                \treturn;\n                }\n\n                \/\/ injecting ads for cloud streams\n                if ( ads ) {\n\n                \tvar newArr = [];\n\n                \tvar post, ad;\n\n                \tfor ( var i = 0, len = response.items.length; i < len; i++ ) {\n\n\t\t                post = response.items[ i ];\n\n                \t\tif ( ads[ i ] ) {\n\n                \t\t\tad = ads[ i ];\n                            ad.id = 'ad_el_' + ad.id;\n                            newArr.push ( ad );\n\n\t\t\t                delete ads[ i ];\n                        }\n\n                        newArr.push( post );\n                    }\n\n                    response.items = newArr;\n                }\n\n                opts.streams['stream' + streamOpts.id]['items'] = response;\n                if (!FlowFlowOpts.dependencies) FlowFlowOpts.dependencies = {};\n                \n                FlowFlow.extensionResourcesRequests = FlowFlow.extensionResourcesRequests || [];\n                var request, extension, style;\n\n                for ( extension in FlowFlowOpts.dependencies ) {\n                    if ( FlowFlowOpts.dependencies[extension] && FlowFlowOpts.dependencies[extension] !== 'loaded') {\n                        request = $.getScript( opts.plugin_base + '-' + extension + '\/js\/ff_' + extension + '_public.js?ver=4.9.72');\n                        FlowFlow.extensionResourcesRequests.push(request);\n\n                        style = document.createElement('link');\n                        style.type = \"text\/css\";\n                        style.rel = \"stylesheet\";\n                        style.id = \"ff_ad_style\";\n                        style.href = opts.plugin_base + '-' + extension + '\/css\/ff_' + extension + '_public.css?ver=4.9.72';\n                        style.media = \"screen\";\n                        document.getElementsByTagName(\"head\")[0].appendChild(style);\n\n                        FlowFlowOpts.dependencies[extension] = 'loaded';\n                    }\n                }\n\n                var resourcesLoaded = $.when.apply($, FlowFlow.extensionResourcesRequests);\n\n                resourcesLoaded.done(function(){\n                    var $stream, width;\n                    console.log('FLOW-FLOW data', response);\n\n                    $stream = FlowFlow.buildStreamWith(response, streamOpts, moderation, FlowFlowOpts.dependencies);\n\n                    if (isLS && response.items.length > 0 && response.hash.length > 0) sessionStorage.setItem(  response.hash , JSON.stringify( original ));\n\n                    var num = streamOpts.layout === 'compact' || (streamOpts.mobileslider === 'yep' && isMobile)? (streamOpts.mobileslider === 'yep' ? 3 : streamOpts['cards-num']) : false;\n\n                    $cont.append( $stream );\n\n                    if ( typeof $stream !== 'string' ) {\n                        FlowFlow.setupGrid($cont.find('.ff-stream-wrapper'), num, streamOpts.scrolltop === 'yep', streamOpts.gallery === 'yep', streamOpts, $cont);\n                    }\n\n                    setTimeout(function(){\n                        $cont.find('.ff-header').removeClass('ff-loading').end().find('.ff-loader').addClass('ff-squeezed').delay(300).hide();\n                    }, 0);\n\n                    \n                }).fail(function(){\n                    console.log('Flow-Flow: resource loading failed');\n                });\n\n                var isErr = response.status === \"errors\";\n                if ((opts.isAdmin || opts.isLog) && isErr) {\n\t                $errCont = $('<'+'div class=\"ff-errors\"><'+'div class=\"ff-err-info\">If you see this then you are administrator and Flow-Flow got errors from APIs while requesting data. Please go to plugin admin and after refreshing page check for error(s) on stream settings page. Please provide error message info if you are doing support request.<'+'\/div><'+'\/div>');\n\t                $cont.before($errCont);\n                }\n            });\n\n            function isLocalStorageNameSupported() {\n                var testKey = 'test', storage = window.sessionStorage;\n                try {\n                    storage.setItem(testKey, '1');\n                    storage.removeItem(testKey);\n                    return true;\n                } catch (error) {\n                    return false;\n                }\n            };\n\n            return false;\n        }\n    })()\n\n<\/script>\n<!-- Flow-Flow \u2014 Social streams plugin for WordPress --><\/div>\n\t\t\t\t\t\t<\/div>\n\t\t\t\t<\/div>\n\t\t\t\t<div class=\"elementor-element elementor-element-6f7d2e1 elementor-widget elementor-widget-hub_fancy_heading\" data-id=\"6f7d2e1\" data-element_type=\"widget\" data-widget_type=\"hub_fancy_heading.default\">\n\t\t\t\t<div class=\"elementor-widget-container\">\n\t\t\t\t\t\n\t\t<div id=\"ld-fancy-heading-69f5b6255a76b\" class=\"ld-fancy-heading pos-rel\">\n\t\t\t\t\t<\/div>\n\n\t\t\t\t\t\t<\/div>\n\t\t\t\t<\/div>\n\t\t\t\t\t<\/div>\n\t\t<\/div>\n\t\t\t\t\t<\/div>\n\t\t<\/section>\n\t\t\t\t<section class=\"elementor-section elementor-top-section elementor-element elementor-element-394198af elementor-section-boxed elementor-section-height-default elementor-section-height-default\" data-id=\"394198af\" data-element_type=\"section\" data-settings=\"{&quot;background_background&quot;:&quot;classic&quot;}\">\n\t\t\t\t\t\t<div class=\"elementor-container elementor-column-gap-default\">\n\t\t\t\t\t<div class=\"elementor-column elementor-col-100 elementor-top-column elementor-element elementor-element-53f20060\" data-id=\"53f20060\" data-element_type=\"column\">\n\t\t\t<div class=\"elementor-widget-wrap elementor-element-populated\">\n\t\t\t\t\t\t<div class=\"elementor-element elementor-element-7f418500 elementor-widget elementor-widget-ld_blog\" data-id=\"7f418500\" data-element_type=\"widget\" data-widget_type=\"ld_blog.default\">\n\t\t\t\t<div class=\"elementor-widget-container\">\n\t\t\t\t\t<div class=\"lqd-lp-grid 7f418500 blog-id-2135000320\"><div class=\"lqd-lp-row row pos-rel\"  data-liquid-masonry=\"true\" data-masonry-options=\"{&quot;itemSelector&quot;:&quot;.lqd-lp-column&quot;,&quot;layoutMode&quot;:&quot;packery&quot;}\"><div class=\"lqd-lp-column d-flex flex-column  col-xs-12 col-md-8 2025\"><article id=\"post-10329\" class=\"lqd-lp pos-rel lqd-lp lqd-lp-style-14 lqd-lp-img-cover lqd-lp-hover-img-zoom d-flex flex-wrap border-radius-4 overflow-hidden h-pt-60 text-start post-10329 post type-post status-publish format-standard has-post-thumbnail hentry category-107\">\n<div class=\"lqd-lp-img lqd-overlay\">\n\t<figure class=\"pos-rel bg-cover bg-center w-100 h-100\"><img fetchpriority=\"high\" decoding=\"async\" width=\"1200\" height=\"700\" src=\"https:\/\/garana-jazz.ro\/wp-content\/uploads\/2025\/04\/GaranaJazzFestival05-1200x700.jpg\" class=\"w-100 h-100 objfit-cover objfit-center wp-post-image\" alt=\"\" srcset=\"https:\/\/garana-jazz.ro\/wp-content\/uploads\/2025\/04\/GaranaJazzFestival05-1200x700.jpg 1200w, https:\/\/garana-jazz.ro\/wp-content\/uploads\/2025\/04\/GaranaJazzFestival05-18x12.jpg 18w\" sizes=\"(max-width: 1200px) 100vw, 1200px\" itemprop=\"image\" \/><\/figure><\/div>\n\n<div class=\"lqd-lp-contents lqd-overlay d-flex flex-column justify-content-end p-4\">\n\n\t<div class=\"lqd-lp-content-bg lqd-overlay\"><\/div>\n\n\t<div class=\"lqd-lp-header-bottom pos-rel\">\n\n\t\t<header class=\"lqd-lp-header\">\n\n\t\t\t<div class=\"lqd-lp-meta lqd-lp-meta-solid d-inline-flex no-padding p-0\">\n\t\t\t\t\n\t\t\t\t\t\t\t\t<time class=\"lqd-lp-date pt-1 pb-1 ps-2 pe-2 px-3\" datetime=\"2025-04-16T12:38:38+03:00\">1 year ago<\/time>\n\t\t\t\t\t\t\t\t\n\t\t\t\t<span class=\"screen-reader-text\">Tags <\/span><ul class=\"lqd-lp-cat lqd-lp-cat d-inline-flex align-items-center reset-ul inline-ul pos-rel z-index-3 pt-1 pb-1 ps-2 pe-2 px-2\"><li><a href=\"https:\/\/garana-jazz.ro\/en\/category\/2025\/\" rel=\"category\">2025<\/a><\/li><\/ul>\t\t\t\t\n\t\t\t<\/div>\n\t\t\t\n\t\t\t<h2 class=\"lqd-lp-title mt-4 mb-2 h5\" data-fittext=\"true\" data-fittext-options='{ \"compressor\": 1.5, \"minFontSize\": 24, \"maxFontSize\": \"currentFontSize\" }'>\n\t\t\t\t<a href=\"https:\/\/garana-jazz.ro\/en\/garana-jazz-festival-ajunge-in-aceasta-vara-la-editia-cu-numarul-29\/\">G\u0103r\u00e2na Jazz Festival ajunge \u00een aceast\u0103 var\u0103 la edi\u021bia cu num\u0103rul 29<\/a>\n\t\t\t<\/h2>\t\n\n\t\t\t\t\t\t<div class=\"lqd-lp-author d-inline-flex flex-wrap align-items-center pos-rel z-index-3\">\n\t\t\t\t<div class=\"lqd-lp-author-info\">\n\t\t\t\t\t<h3 class=\"mt-0 mb-1\">Posted by <a href=\"https:\/\/garana-jazz.ro\/en\/author\/webzero\/\">webzero<\/a><\/h3>\n\t\t\t\t<\/div>\n\t\t\t<\/div>\n\t\t\t\n\t\t<\/header>\n\n\t<\/div>\n\n<\/div>\n\n<a  href=\"https:\/\/garana-jazz.ro\/en\/garana-jazz-festival-ajunge-in-aceasta-vara-la-editia-cu-numarul-29\/\" class=\"lqd-lp-overlay-link lqd-overlay lqd-cc-label-trigger z-index-2\" tab-index=\"-1\"><\/a><\/article><\/div><div class=\"lqd-lp-column d-flex flex-column  col-xs-12 col-md-4 2025\"><article id=\"post-10221\" class=\"lqd-lp pos-rel lqd-lp lqd-lp-style-14 lqd-lp-img-cover lqd-lp-hover-img-zoom d-flex flex-wrap border-radius-4 overflow-hidden h-pt-60 text-start post-10221 post type-post status-publish format-standard has-post-thumbnail hentry category-107\">\n<div class=\"lqd-lp-img lqd-overlay\">\n\t<figure class=\"pos-rel bg-cover bg-center w-100 h-100\"><img decoding=\"async\" width=\"1250\" height=\"700\" src=\"data:image\/svg+xml;charset=utf-8,%3Csvg xmlns%3D&#039;http%3A%2F%2Fwww.w3.org%2F2000%2Fsvg&#039; viewBox%3D&#039;0 0 1250 700&#039;%2F%3E\" class=\"w-100 h-100 objfit-cover objfit-center ld-lazyload wp-post-image\" alt=\"\" itemprop=\"image\" data-src=\"https:\/\/garana-jazz.ro\/wp-content\/uploads\/2024\/05\/Main-Stage-Garana-Jazz-Festival_foto-Daniel-Nechita-1250x700.jpg\" data-aspect=\"1.7857142857143\" \/><\/figure><\/div>\n\n<div class=\"lqd-lp-contents lqd-overlay d-flex flex-column justify-content-end p-4\">\n\n\t<div class=\"lqd-lp-content-bg lqd-overlay\"><\/div>\n\n\t<div class=\"lqd-lp-header-bottom pos-rel\">\n\n\t\t<header class=\"lqd-lp-header\">\n\n\t\t\t<div class=\"lqd-lp-meta lqd-lp-meta-solid d-inline-flex no-padding p-0\">\n\t\t\t\t\n\t\t\t\t\t\t\t\t\n\t\t\t\t<span class=\"screen-reader-text\">Tags <\/span><ul class=\"lqd-lp-cat lqd-lp-cat d-inline-flex align-items-center reset-ul inline-ul pos-rel z-index-3 pt-1 pb-1 ps-2 pe-2 px-2\"><li><a href=\"https:\/\/garana-jazz.ro\/en\/category\/2025\/\" rel=\"category\">2025<\/a><\/li><\/ul>\t\t\t\t\n\t\t\t<\/div>\n\t\t\t\n\t\t\t<h2 class=\"lqd-lp-title mt-4 mb-2 h5\" data-fittext=\"true\" data-fittext-options='{ \"compressor\": 1.5, \"minFontSize\": 24, \"maxFontSize\": \"currentFontSize\" }'>\n\t\t\t\t<a href=\"https:\/\/garana-jazz.ro\/en\/noi-artisti-la-editia-29-garana-jazz-festival-10-13-iulie-2025-abonamente-early-bird-pana-pe-28-februarie-2025\/\">Noi arti\u0219ti la Edi\u021bia 29 G\u0103r\u00e2na Jazz Festival (10-13 iulie 2025) &#8211; abonamente early-bird p\u00e2n\u0103 pe 28 februarie 2025 &#8211;<\/a>\n\t\t\t<\/h2>\t\n\n\t\t\t\n\t\t<\/header>\n\n\t<\/div>\n\n<\/div>\n\n<a  href=\"https:\/\/garana-jazz.ro\/en\/noi-artisti-la-editia-29-garana-jazz-festival-10-13-iulie-2025-abonamente-early-bird-pana-pe-28-februarie-2025\/\" class=\"lqd-lp-overlay-link lqd-overlay lqd-cc-label-trigger z-index-2\" tab-index=\"-1\"><\/a><\/article><\/div><div class=\"lqd-lp-column d-flex flex-column  col-xs-12 col-md-4 2025\"><article id=\"post-10023\" class=\"lqd-lp pos-rel lqd-lp lqd-lp-style-14 lqd-lp-img-cover lqd-lp-hover-img-zoom d-flex flex-wrap border-radius-4 overflow-hidden h-pt-60 text-start post-10023 post type-post status-publish format-standard has-post-thumbnail hentry category-107\">\n<div class=\"lqd-lp-img lqd-overlay\">\n\t<figure class=\"pos-rel bg-cover bg-center w-100 h-100\"><img decoding=\"async\" width=\"1250\" height=\"700\" src=\"data:image\/svg+xml;charset=utf-8,%3Csvg xmlns%3D&#039;http%3A%2F%2Fwww.w3.org%2F2000%2Fsvg&#039; viewBox%3D&#039;0 0 1250 700&#039;%2F%3E\" class=\"w-100 h-100 objfit-cover objfit-center ld-lazyload wp-post-image\" alt=\"\" itemprop=\"image\" data-src=\"https:\/\/garana-jazz.ro\/wp-content\/uploads\/2024\/12\/454058237_981218047133431_2672638286974697019_n-1250x700.jpg\" data-aspect=\"1.7857142857143\" \/><\/figure><\/div>\n\n<div class=\"lqd-lp-contents lqd-overlay d-flex flex-column justify-content-end p-4\">\n\n\t<div class=\"lqd-lp-content-bg lqd-overlay\"><\/div>\n\n\t<div class=\"lqd-lp-header-bottom pos-rel\">\n\n\t\t<header class=\"lqd-lp-header\">\n\n\t\t\t<div class=\"lqd-lp-meta lqd-lp-meta-solid d-inline-flex no-padding p-0\">\n\t\t\t\t\n\t\t\t\t\t\t\t\t\n\t\t\t\t<span class=\"screen-reader-text\">Tags <\/span><ul class=\"lqd-lp-cat lqd-lp-cat d-inline-flex align-items-center reset-ul inline-ul pos-rel z-index-3 pt-1 pb-1 ps-2 pe-2 px-2\"><li><a href=\"https:\/\/garana-jazz.ro\/en\/category\/2025\/\" rel=\"category\">2025<\/a><\/li><\/ul>\t\t\t\t\n\t\t\t<\/div>\n\t\t\t\n\t\t\t<h2 class=\"lqd-lp-title mt-4 mb-2 h5\" data-fittext=\"true\" data-fittext-options='{ \"compressor\": 1.5, \"minFontSize\": 24, \"maxFontSize\": \"currentFontSize\" }'>\n\t\t\t\t<a href=\"https:\/\/garana-jazz.ro\/en\/garana-jazz-festival-2025-se-va-desfasura-in-perioada-10-13-iulie-2025-se-pun-in-vanzare-1000-de-abonamente-early-bird-si-se-lanseaza-primii-artisti-din-line-up\/\">G\u0103r\u00e2na Jazz Festival 2025 se va desf\u0103\u0219ura \u00een perioada 10-13 iulie 2025<\/a>\n\t\t\t<\/h2>\t\n\n\t\t\t\n\t\t<\/header>\n\n\t<\/div>\n\n<\/div>\n\n<a  href=\"https:\/\/garana-jazz.ro\/en\/garana-jazz-festival-2025-se-va-desfasura-in-perioada-10-13-iulie-2025-se-pun-in-vanzare-1000-de-abonamente-early-bird-si-se-lanseaza-primii-artisti-din-line-up\/\" class=\"lqd-lp-overlay-link lqd-overlay lqd-cc-label-trigger z-index-2\" tab-index=\"-1\"><\/a><\/article><\/div><div class=\"lqd-lp-column d-flex flex-column  col-xs-12 col-md-4 2024\"><article id=\"post-9892\" class=\"lqd-lp pos-rel lqd-lp lqd-lp-style-14 lqd-lp-img-cover lqd-lp-hover-img-zoom d-flex flex-wrap border-radius-4 overflow-hidden h-pt-60 text-start post-9892 post type-post status-publish format-standard has-post-thumbnail hentry category-1\">\n<div class=\"lqd-lp-img lqd-overlay\">\n\t<figure class=\"pos-rel bg-cover bg-center w-100 h-100\"><img loading=\"lazy\" decoding=\"async\" width=\"1250\" height=\"700\" src=\"data:image\/svg+xml;charset=utf-8,%3Csvg xmlns%3D&#039;http%3A%2F%2Fwww.w3.org%2F2000%2Fsvg&#039; viewBox%3D&#039;0 0 1250 700&#039;%2F%3E\" class=\"w-100 h-100 objfit-cover objfit-center ld-lazyload wp-post-image\" alt=\"\" itemprop=\"image\" data-src=\"https:\/\/garana-jazz.ro\/wp-content\/uploads\/2024\/07\/INF1009-1250x700.jpg\" data-aspect=\"1.7857142857143\" \/><\/figure><\/div>\n\n<div class=\"lqd-lp-contents lqd-overlay d-flex flex-column justify-content-end p-4\">\n\n\t<div class=\"lqd-lp-content-bg lqd-overlay\"><\/div>\n\n\t<div class=\"lqd-lp-header-bottom pos-rel\">\n\n\t\t<header class=\"lqd-lp-header\">\n\n\t\t\t<div class=\"lqd-lp-meta lqd-lp-meta-solid d-inline-flex no-padding p-0\">\n\t\t\t\t\n\t\t\t\t\t\t\t\t\n\t\t\t\t<span class=\"screen-reader-text\">Tags <\/span><ul class=\"lqd-lp-cat lqd-lp-cat d-inline-flex align-items-center reset-ul inline-ul pos-rel z-index-3 pt-1 pb-1 ps-2 pe-2 px-2\"><li><a href=\"https:\/\/garana-jazz.ro\/en\/category\/2024\/\" rel=\"category\" style=\"--color-primary:#ffffff\">2024<\/a><\/li><\/ul>\t\t\t\t\n\t\t\t<\/div>\n\t\t\t\n\t\t\t<h2 class=\"lqd-lp-title mt-4 mb-2 h5\" data-fittext=\"true\" data-fittext-options='{ \"compressor\": 1.5, \"minFontSize\": 24, \"maxFontSize\": \"currentFontSize\" }'>\n\t\t\t\t<a href=\"https:\/\/garana-jazz.ro\/en\/mesaj-important\/\">Mesaj important!<\/a>\n\t\t\t<\/h2>\t\n\n\t\t\t\n\t\t<\/header>\n\n\t<\/div>\n\n<\/div>\n\n<a  href=\"https:\/\/garana-jazz.ro\/en\/mesaj-important\/\" class=\"lqd-lp-overlay-link lqd-overlay lqd-cc-label-trigger z-index-2\" tab-index=\"-1\"><\/a><\/article><\/div><div class=\"lqd-lp-column d-flex flex-column  col-xs-12 col-md-4 2024\"><article id=\"post-9856\" class=\"lqd-lp pos-rel lqd-lp lqd-lp-style-14 lqd-lp-img-cover lqd-lp-hover-img-zoom d-flex flex-wrap border-radius-4 overflow-hidden h-pt-60 text-start post-9856 post type-post status-publish format-standard has-post-thumbnail hentry category-1\">\n<div class=\"lqd-lp-img lqd-overlay\">\n\t<figure class=\"pos-rel bg-cover bg-center w-100 h-100\"><img loading=\"lazy\" decoding=\"async\" width=\"1250\" height=\"700\" src=\"data:image\/svg+xml;charset=utf-8,%3Csvg xmlns%3D&#039;http%3A%2F%2Fwww.w3.org%2F2000%2Fsvg&#039; viewBox%3D&#039;0 0 1250 700&#039;%2F%3E\" class=\"w-100 h-100 objfit-cover objfit-center ld-lazyload wp-post-image\" alt=\"\" itemprop=\"image\" data-src=\"https:\/\/garana-jazz.ro\/wp-content\/uploads\/2024\/07\/foto-cununie-296-scaled-1-1250x700.jpg\" data-aspect=\"1.7857142857143\" \/><\/figure><\/div>\n\n<div class=\"lqd-lp-contents lqd-overlay d-flex flex-column justify-content-end p-4\">\n\n\t<div class=\"lqd-lp-content-bg lqd-overlay\"><\/div>\n\n\t<div class=\"lqd-lp-header-bottom pos-rel\">\n\n\t\t<header class=\"lqd-lp-header\">\n\n\t\t\t<div class=\"lqd-lp-meta lqd-lp-meta-solid d-inline-flex no-padding p-0\">\n\t\t\t\t\n\t\t\t\t\t\t\t\t\n\t\t\t\t<span class=\"screen-reader-text\">Tags <\/span><ul class=\"lqd-lp-cat lqd-lp-cat d-inline-flex align-items-center reset-ul inline-ul pos-rel z-index-3 pt-1 pb-1 ps-2 pe-2 px-2\"><li><a href=\"https:\/\/garana-jazz.ro\/en\/category\/2024\/\" rel=\"category\" style=\"--color-primary:#ffffff\">2024<\/a><\/li><\/ul>\t\t\t\t\n\t\t\t<\/div>\n\t\t\t\n\t\t\t<h2 class=\"lqd-lp-title mt-4 mb-2 h5\" data-fittext=\"true\" data-fittext-options='{ \"compressor\": 1.5, \"minFontSize\": 24, \"maxFontSize\": \"currentFontSize\" }'>\n\t\t\t\t<a href=\"https:\/\/garana-jazz.ro\/en\/circuit-cultural-la-garana-jazz-festival\/\">Circuit cultural la G\u0103r\u00e2na Jazz Festival<\/a>\n\t\t\t<\/h2>\t\n\n\t\t\t\n\t\t<\/header>\n\n\t<\/div>\n\n<\/div>\n\n<a  href=\"https:\/\/garana-jazz.ro\/en\/circuit-cultural-la-garana-jazz-festival\/\" class=\"lqd-lp-overlay-link lqd-overlay lqd-cc-label-trigger z-index-2\" tab-index=\"-1\"><\/a><\/article><\/div><div class=\"lqd-lp-column d-flex flex-column  col-xs-12 col-md-4 2024\"><article id=\"post-9560\" class=\"lqd-lp pos-rel lqd-lp lqd-lp-style-14 lqd-lp-img-cover lqd-lp-hover-img-zoom d-flex flex-wrap border-radius-4 overflow-hidden h-pt-60 text-start post-9560 post type-post status-publish format-standard has-post-thumbnail hentry category-1\">\n<div class=\"lqd-lp-img lqd-overlay\">\n\t<figure class=\"pos-rel bg-cover bg-center w-100 h-100\"><img decoding=\"async\" width=\"1250\" height=\"700\" src=\"data:image\/svg+xml;charset=utf-8,%3Csvg xmlns%3D&#039;http%3A%2F%2Fwww.w3.org%2F2000%2Fsvg&#039; viewBox%3D&#039;0 0 1250 700&#039;%2F%3E\" class=\"w-100 h-100 objfit-cover objfit-center ld-lazyload wp-post-image\" alt=\"\" itemprop=\"image\" data-src=\"https:\/\/garana-jazz.ro\/wp-content\/uploads\/2024\/05\/Main-Stage-Garana-Jazz-Festival_foto-Daniel-Nechita-1250x700.jpg\" data-aspect=\"1.7857142857143\" \/><\/figure><\/div>\n\n<div class=\"lqd-lp-contents lqd-overlay d-flex flex-column justify-content-end p-4\">\n\n\t<div class=\"lqd-lp-content-bg lqd-overlay\"><\/div>\n\n\t<div class=\"lqd-lp-header-bottom pos-rel\">\n\n\t\t<header class=\"lqd-lp-header\">\n\n\t\t\t<div class=\"lqd-lp-meta lqd-lp-meta-solid d-inline-flex no-padding p-0\">\n\t\t\t\t\n\t\t\t\t\t\t\t\t\n\t\t\t\t<span class=\"screen-reader-text\">Tags <\/span><ul class=\"lqd-lp-cat lqd-lp-cat d-inline-flex align-items-center reset-ul inline-ul pos-rel z-index-3 pt-1 pb-1 ps-2 pe-2 px-2\"><li><a href=\"https:\/\/garana-jazz.ro\/en\/category\/2024\/\" rel=\"category\" style=\"--color-primary:#ffffff\">2024<\/a><\/li><\/ul>\t\t\t\t\n\t\t\t<\/div>\n\t\t\t\n\t\t\t<h2 class=\"lqd-lp-title mt-4 mb-2 h5\" data-fittext=\"true\" data-fittext-options='{ \"compressor\": 1.5, \"minFontSize\": 24, \"maxFontSize\": \"currentFontSize\" }'>\n\t\t\t\t<a href=\"https:\/\/garana-jazz.ro\/en\/garana-jazz-festival-2024-editia-xxviii\/\">G\u00e2r\u00e2na Jazz Festival 2024, edi\u021bia XXVIII<\/a>\n\t\t\t<\/h2>\t\n\n\t\t\t\n\t\t<\/header>\n\n\t<\/div>\n\n<\/div>\n\n<a  href=\"https:\/\/garana-jazz.ro\/en\/garana-jazz-festival-2024-editia-xxviii\/\" class=\"lqd-lp-overlay-link lqd-overlay lqd-cc-label-trigger z-index-2\" tab-index=\"-1\"><\/a><\/article><\/div><div class=\"lqd-lp-column d-flex flex-column  col-xs-12 col-md-4 2024\"><article id=\"post-3984\" class=\"lqd-lp pos-rel lqd-lp lqd-lp-style-14 lqd-lp-img-cover lqd-lp-hover-img-zoom d-flex flex-wrap border-radius-4 overflow-hidden h-pt-60 text-start post-3984 post type-post status-publish format-standard has-post-thumbnail hentry category-1\">\n<div class=\"lqd-lp-img lqd-overlay\">\n\t<figure class=\"pos-rel bg-cover bg-center w-100 h-100\"><img loading=\"lazy\" decoding=\"async\" width=\"1250\" height=\"700\" src=\"data:image\/svg+xml;charset=utf-8,%3Csvg xmlns%3D&#039;http%3A%2F%2Fwww.w3.org%2F2000%2Fsvg&#039; viewBox%3D&#039;0 0 1250 700&#039;%2F%3E\" class=\"w-100 h-100 objfit-cover objfit-center ld-lazyload wp-post-image\" alt=\"\" itemprop=\"image\" data-src=\"https:\/\/garana-jazz.ro\/wp-content\/uploads\/2024\/01\/INF1555-1250x700.jpg\" data-aspect=\"1.7857142857143\" \/><\/figure><\/div>\n\n<div class=\"lqd-lp-contents lqd-overlay d-flex flex-column justify-content-end p-4\">\n\n\t<div class=\"lqd-lp-content-bg lqd-overlay\"><\/div>\n\n\t<div class=\"lqd-lp-header-bottom pos-rel\">\n\n\t\t<header class=\"lqd-lp-header\">\n\n\t\t\t<div class=\"lqd-lp-meta lqd-lp-meta-solid d-inline-flex no-padding p-0\">\n\t\t\t\t\n\t\t\t\t\t\t\t\t\n\t\t\t\t<span class=\"screen-reader-text\">Tags <\/span><ul class=\"lqd-lp-cat lqd-lp-cat d-inline-flex align-items-center reset-ul inline-ul pos-rel z-index-3 pt-1 pb-1 ps-2 pe-2 px-2\"><li><a href=\"https:\/\/garana-jazz.ro\/en\/category\/2024\/\" rel=\"category\" style=\"--color-primary:#ffffff\">2024<\/a><\/li><\/ul>\t\t\t\t\n\t\t\t<\/div>\n\t\t\t\n\t\t\t<h2 class=\"lqd-lp-title mt-4 mb-2 h5\" data-fittext=\"true\" data-fittext-options='{ \"compressor\": 1.5, \"minFontSize\": 24, \"maxFontSize\": \"currentFontSize\" }'>\n\t\t\t\t<a href=\"https:\/\/garana-jazz.ro\/en\/editia-a-xxviii-a-garana-jazz-festivalse-va-desfasura-in-perioada-11-14-iulie-2024\/\">The 28th edition of the G\u0103r\u00e2na Jazz Festival will take place between 11-14 July 2024<\/a>\n\t\t\t<\/h2>\t\n\n\t\t\t\n\t\t<\/header>\n\n\t<\/div>\n\n<\/div>\n\n<a  href=\"https:\/\/garana-jazz.ro\/en\/editia-a-xxviii-a-garana-jazz-festivalse-va-desfasura-in-perioada-11-14-iulie-2024\/\" class=\"lqd-lp-overlay-link lqd-overlay lqd-cc-label-trigger z-index-2\" tab-index=\"-1\"><\/a><\/article><\/div><div class=\"lqd-lp-column d-flex flex-column  col-xs-12 col-md-4 2023\"><article id=\"post-3913\" class=\"lqd-lp pos-rel lqd-lp lqd-lp-style-14 lqd-lp-img-cover lqd-lp-hover-img-zoom d-flex flex-wrap border-radius-4 overflow-hidden h-pt-60 text-start post-3913 post type-post status-publish format-standard has-post-thumbnail hentry category-83\">\n<div class=\"lqd-lp-img lqd-overlay\">\n\t<figure class=\"pos-rel bg-cover bg-center w-100 h-100\"><img loading=\"lazy\" decoding=\"async\" width=\"1250\" height=\"700\" src=\"data:image\/svg+xml;charset=utf-8,%3Csvg xmlns%3D&#039;http%3A%2F%2Fwww.w3.org%2F2000%2Fsvg&#039; viewBox%3D&#039;0 0 1250 700&#039;%2F%3E\" class=\"w-100 h-100 objfit-cover objfit-center ld-lazyload wp-post-image\" alt=\"\" itemprop=\"image\" data-src=\"https:\/\/garana-jazz.ro\/wp-content\/uploads\/2023\/07\/GJF_2023_FB_1-1250x700.jpg\" data-aspect=\"1.7857142857143\" \/><\/figure><\/div>\n\n<div class=\"lqd-lp-contents lqd-overlay d-flex flex-column justify-content-end p-4\">\n\n\t<div class=\"lqd-lp-content-bg lqd-overlay\"><\/div>\n\n\t<div class=\"lqd-lp-header-bottom pos-rel\">\n\n\t\t<header class=\"lqd-lp-header\">\n\n\t\t\t<div class=\"lqd-lp-meta lqd-lp-meta-solid d-inline-flex no-padding p-0\">\n\t\t\t\t\n\t\t\t\t\t\t\t\t\n\t\t\t\t<span class=\"screen-reader-text\">Tags <\/span><ul class=\"lqd-lp-cat lqd-lp-cat d-inline-flex align-items-center reset-ul inline-ul pos-rel z-index-3 pt-1 pb-1 ps-2 pe-2 px-2\"><li><a href=\"https:\/\/garana-jazz.ro\/en\/category\/2023\/\" rel=\"category\" style=\"--color-primary:#ffffff\">2023<\/a><\/li><\/ul>\t\t\t\t\n\t\t\t<\/div>\n\t\t\t\n\t\t\t<h2 class=\"lqd-lp-title mt-4 mb-2 h5\" data-fittext=\"true\" data-fittext-options='{ \"compressor\": 1.5, \"minFontSize\": 24, \"maxFontSize\": \"currentFontSize\" }'>\n\t\t\t\t<a href=\"https:\/\/garana-jazz.ro\/en\/miercuri-5-iulie-2023-incepe-editia-a-xxvii-a-garana-jazz-festival\/\">Miercuri, 5 iulie 2023, \u00eencepe Edi\u021bia a XXVII-a G\u0103r\u00e2na Jazz Festival!<\/a>\n\t\t\t<\/h2>\t\n\n\t\t\t\n\t\t<\/header>\n\n\t<\/div>\n\n<\/div>\n\n<a  href=\"https:\/\/garana-jazz.ro\/en\/miercuri-5-iulie-2023-incepe-editia-a-xxvii-a-garana-jazz-festival\/\" class=\"lqd-lp-overlay-link lqd-overlay lqd-cc-label-trigger z-index-2\" tab-index=\"-1\"><\/a><\/article><\/div><div class=\"lqd-lp-column d-flex flex-column  col-xs-12 col-md-4 2023\"><article id=\"post-3808\" class=\"lqd-lp pos-rel lqd-lp lqd-lp-style-14 lqd-lp-img-cover lqd-lp-hover-img-zoom d-flex flex-wrap border-radius-4 overflow-hidden h-pt-60 text-start post-3808 post type-post status-publish format-standard has-post-thumbnail hentry category-83\">\n<div class=\"lqd-lp-img lqd-overlay\">\n\t<figure class=\"pos-rel bg-cover bg-center w-100 h-100\"><img loading=\"lazy\" decoding=\"async\" width=\"1250\" height=\"700\" src=\"data:image\/svg+xml;charset=utf-8,%3Csvg xmlns%3D&#039;http%3A%2F%2Fwww.w3.org%2F2000%2Fsvg&#039; viewBox%3D&#039;0 0 1250 700&#039;%2F%3E\" class=\"w-100 h-100 objfit-cover objfit-center ld-lazyload wp-post-image\" alt=\"\" itemprop=\"image\" data-src=\"https:\/\/garana-jazz.ro\/wp-content\/uploads\/2024\/02\/anouar-brahem-quartet-site-2048x1367-1-e1707238389639-1250x700.jpg\" data-aspect=\"1.7857142857143\" \/><\/figure><\/div>\n\n<div class=\"lqd-lp-contents lqd-overlay d-flex flex-column justify-content-end p-4\">\n\n\t<div class=\"lqd-lp-content-bg lqd-overlay\"><\/div>\n\n\t<div class=\"lqd-lp-header-bottom pos-rel\">\n\n\t\t<header class=\"lqd-lp-header\">\n\n\t\t\t<div class=\"lqd-lp-meta lqd-lp-meta-solid d-inline-flex no-padding p-0\">\n\t\t\t\t\n\t\t\t\t\t\t\t\t\n\t\t\t\t<span class=\"screen-reader-text\">Tags <\/span><ul class=\"lqd-lp-cat lqd-lp-cat d-inline-flex align-items-center reset-ul inline-ul pos-rel z-index-3 pt-1 pb-1 ps-2 pe-2 px-2\"><li><a href=\"https:\/\/garana-jazz.ro\/en\/category\/2023\/\" rel=\"category\" style=\"--color-primary:#ffffff\">2023<\/a><\/li><\/ul>\t\t\t\t\n\t\t\t<\/div>\n\t\t\t\n\t\t\t<h2 class=\"lqd-lp-title mt-4 mb-2 h5\" data-fittext=\"true\" data-fittext-options='{ \"compressor\": 1.5, \"minFontSize\": 24, \"maxFontSize\": \"currentFontSize\" }'>\n\t\t\t\t<a href=\"https:\/\/garana-jazz.ro\/en\/anouar-brahem-va-canta-duminica-9-iulie-2023-la-garana-jazz-festival\/\">Anouar Brahem\u00a0va c\u00e2nta duminic\u0103, 9 iulie 2023 la G\u0103r\u00e2na Jazz Festival!<\/a>\n\t\t\t<\/h2>\t\n\n\t\t\t\n\t\t<\/header>\n\n\t<\/div>\n\n<\/div>\n\n<a  href=\"https:\/\/garana-jazz.ro\/en\/anouar-brahem-va-canta-duminica-9-iulie-2023-la-garana-jazz-festival\/\" class=\"lqd-lp-overlay-link lqd-overlay lqd-cc-label-trigger z-index-2\" tab-index=\"-1\"><\/a><\/article><\/div><\/div><!--\/ .row --><div class=\"liquid-pf-nav ld-pf-nav-ajax\"><div class=\"page-nav text-center\"><nav aria-label=\"Page navigation\"><a href=\"https:\/\/garana-jazz.ro\/en\/wp-json\/wp\/v2\/pages\/3992\/page\/2\/?ajaxify=1\" rel=\"nofollow\" data-ajaxify=\"true\" data-ajaxify-options=\"{&quot;wrapper&quot;:&quot;.lqd-lp-grid.blog-id-2135000320 &gt; .lqd-lp-row&quot;,&quot;items&quot;:&quot;&gt; .lqd-lp-column&quot;,&quot;trigger&quot;:&quot;click&quot;}\" class=\"elementor-button btn ws-nowrap ld-ajax-loadmore ws-nowrap\"><span class=\"static d-block\">Mai multe \u0219tiri<\/span><span class=\"loading d-block pos-abs\"><span class=\"dots d-block\"><span class=\"d-inline-block\"><\/span><span class=\"d-inline-block\"><\/span><span class=\"d-inline-block\"><\/span><\/span><span class=\"d-block mt-1\">Se \u00eencarc\u0103<\/span><\/span><span class=\"all-loaded d-block pos-abs\">Toate \u0219tirile sunt \u00eenc\u0103rcate <svg width=\"32\" height=\"29\" xmlns=\"http:\/\/www.w3.org\/2000\/svg\" viewbox=\"0 0 32 29\" style=\"width: 1.5em; height: 1.5em; margin-inline-start: 0.5em;\"><path fill=\"currentColor\" d=\"M25.74 6.23c0.38 0.34 0.42 0.9 0.09 1.28l-12.77 14.58a0.91 0.91 0 0 1-1.33 0.04l-5.46-5.46a0.91 0.91 0 1 1 1.29-1.29l4.77 4.78 12.12-13.85a0.91 0.91 0 0 1 1.29-0.08z\"><\/path><\/svg><\/span><\/a><\/nav><\/div><\/div><\/div><!--\/ .lqd-lp-grid -->\t\t\t\t<\/div>\n\t\t\t\t<\/div>\n\t\t\t\t\t<\/div>\n\t\t<\/div>\n\t\t\t\t\t<\/div>\n\t\t<\/section>\n\t\t\t\t<\/div>","protected":false},"excerpt":{"rendered":"<p>\u0218tiri JAZZ-UL S-A AUZIT PENTRU PRIMA DAT\u0102 LA G\u0102R\u00c2NA \u00ceN 1997 Jazz-ul s-a auzit pentru prima dat\u0103 la G\u0103r\u00e2na \u00een 1997, \u00eentr-un jam session improvizat de prieteni \u00een Hanul La R\u0103scruce. Povestea a continuat \u00een urm\u0103torul an \u0219i \u00een urm\u0103torii 27 de ani, transform\u00e2nd un sat din Mun\u021bii Semenic \u00een loca\u021bia celui mai important festival [&hellip;]<\/p>","protected":false},"author":3,"featured_media":0,"parent":0,"menu_order":0,"comment_status":"closed","ping_status":"closed","template":"","meta":{"footnotes":""},"class_list":["post-3992","page","type-page","status-publish","hentry"],"_links":{"self":[{"href":"https:\/\/garana-jazz.ro\/en\/wp-json\/wp\/v2\/pages\/3992","targetHints":{"allow":["GET"]}}],"collection":[{"href":"https:\/\/garana-jazz.ro\/en\/wp-json\/wp\/v2\/pages"}],"about":[{"href":"https:\/\/garana-jazz.ro\/en\/wp-json\/wp\/v2\/types\/page"}],"author":[{"embeddable":true,"href":"https:\/\/garana-jazz.ro\/en\/wp-json\/wp\/v2\/users\/3"}],"replies":[{"embeddable":true,"href":"https:\/\/garana-jazz.ro\/en\/wp-json\/wp\/v2\/comments?post=3992"}],"version-history":[{"count":3,"href":"https:\/\/garana-jazz.ro\/en\/wp-json\/wp\/v2\/pages\/3992\/revisions"}],"predecessor-version":[{"id":10590,"href":"https:\/\/garana-jazz.ro\/en\/wp-json\/wp\/v2\/pages\/3992\/revisions\/10590"}],"wp:attachment":[{"href":"https:\/\/garana-jazz.ro\/en\/wp-json\/wp\/v2\/media?parent=3992"}],"curies":[{"name":"wp","href":"https:\/\/api.w.org\/{rel}","templated":true}]}}